{"id":105254,"date":"2026-04-21T13:32:08","date_gmt":"2026-04-21T11:32:08","guid":{"rendered":"https:\/\/www.jardinartificial.es\/ciudad\/relva-artificial-maiorca\/"},"modified":"2026-04-27T13:34:22","modified_gmt":"2026-04-27T11:34:22","slug":"relva-artificial-maiorca","status":"publish","type":"ciudad","link":"https:\/\/www.jardinartificial.es\/pt\/relva-artificial-maiorca\/","title":{"rendered":"Relva Artificial Maiorca"},"content":{"rendered":"\t\t<div data-elementor-type=\"wp-post\" data-elementor-id=\"105254\" class=\"elementor elementor-105254 elementor-104916\" data-elementor-post-type=\"ciudad\">\n\t\t\t\t<div class=\"elementor-element elementor-element-70ca96e e-con-full e-flex e-con e-parent\" data-id=\"70ca96e\" data-element_type=\"container\" data-e-type=\"container\" data-settings=\"{&quot;background_background&quot;:&quot;classic&quot;}\">\n\t\t\t\t<div class=\"elementor-element elementor-element-299b095 elementor-icon-list--layout-inline elementor-align-start elementor-list-item-link-full_width elementor-widget elementor-widget-icon-list\" data-id=\"299b095\" data-element_type=\"widget\" data-e-type=\"widget\" data-widget_type=\"icon-list.default\">\n\t\t\t\t<div class=\"elementor-widget-container\">\n\t\t\t\t\t\t\t<ul class=\"elementor-icon-list-items elementor-inline-items\">\n\t\t\t\t\t\t\t<li class=\"elementor-icon-list-item elementor-inline-item\">\n\t\t\t\t\t\t\t\t\t\t\t<span class=\"elementor-icon-list-icon\">\n\t\t\t\t\t\t\t<svg xmlns=\"http:\/\/www.w3.org\/2000\/svg\" xmlns:xlink=\"http:\/\/www.w3.org\/1999\/xlink\" x=\"0px\" y=\"0px\" width=\"120px\" height=\"120px\" viewBox=\"0 0 120 120\" xml:space=\"preserve\"><g id=\"Capa_2\">\t<g>\t\t<g>\t\t\t<g>\t\t\t\t<path fill=\"#8BB968\" d=\"M117.103,89.073v-24.71c-0.096-0.272-0.273-0.449-0.369-0.73c-0.367-0.632-0.641-1.185-1.002-1.729      c-1.186-1.643-2.459-3.189-3.645-4.656c-1.556-1.818-2.829-3.91-4.102-6.466c-1.459-3.004-3.014-6.017-4.472-8.934      c-1.458-2.917-2.917-5.833-4.374-8.75c-0.818-1.73-2.004-2.468-3.919-2.371c-3.197,0.088-6.386,0.088-9.479,0      c-1.281,0-2.644,0-3.927,0h-1.818v-3.189c0-3.109-1.001-4.103-4.102-4.103c-19.51,0-39.021,0-58.526,0      c-0.457,0-0.914,0-1.37,0.088c-1.366,0.185-2.46,1.274-2.552,2.733c-0.091,1.554,0.729,2.828,2.095,3.189      c0.641,0.184,1.278,0.184,1.827,0.184c15.404,0,30.812,0,46.219,0h10.299v8.758c0,5.464,0,10.937,0,16.313      c0,2.917,1.006,3.926,3.922,3.926h4.552c7.114,0,14.502,0,21.793,0l0,0c0.913,0,1.555,0.273,2.1,1.09      c0.641,0.817,1.274,1.634,1.818,2.372c0.729,0.913,1.458,1.906,2.188,2.82c0.456,0.545,0.736,1.37,0.736,2.011      c0,4.286,0,8.661,0,12.852v5.376h-0.552c-0.633,0-1.187,0-1.731,0c-1.369,0-2.731,0-4.014,0c-1.089,0-1.635-0.36-2.003-1.362      c-1.915-5.745-7.203-9.662-13.221-9.662l0,0c-5.929,0-11.297,3.829-13.22,9.566c-0.449,1.186-1.09,1.458-2.096,1.458l0,0      c-6.834,0-12.943,0-18.776,0l0,0c-1.278,0-1.915-0.448-2.372-1.73c-1.642-4.743-5.561-8.108-10.484-9.118      c-4.923-0.914-9.755,0.825-13.036,4.56c-0.914,1.097-1.642,2.459-2.46,3.83c-0.364,0.641-0.729,1.369-1.186,2.099l-0.185,0.272      h-3.737c-0.545,0-1.094,0-1.639,0c-1.185,0-2.463,0-3.645,0c-1.098,0-1.915,0.36-2.464,1.001      c-0.545,0.546-0.821,1.371-0.729,2.275c0.092,1.651,1.366,2.741,3.281,2.829h0.729c1.915,0.088,3.83,0.088,5.745,0      c2.188-0.185,3.281,0.553,4.103,2.556c2.095,5.104,7.384,8.381,13.036,8.205c5.833-0.273,10.757-3.83,12.671-9.295      c0.273-0.825,0.729-1.466,1.915-1.466l0,0c5.833,0,12.122,0,19.598,0l0,0c0.913,0,1.458,0.368,1.827,1.273      c2.099,5.833,7.106,9.392,13.123,9.487h0.097c5.921,0,11.121-3.734,13.124-9.487c0.368-0.905,0.817-1.273,1.826-1.273      c1.187,0,2.452,0,3.639,0c1.65,0,3.284,0,4.927,0C115.18,91.621,116.462,90.803,117.103,89.073z M79.997,52.425V36.833h6.563      c0.545,0,1.09,0,1.642,0c1.547,0,3.189,0,4.833,0c0.544,0,1.272,0.368,1.554,0.817c1.906,3.742,3.733,7.387,5.641,11.217      l1.738,3.462h-21.97V52.425z M39.884,96.092L39.884,96.092c-2.095,0-4.103-0.825-5.56-2.284c-1.459-1.458-2.28-3.461-2.28-5.561      c0-4.286,3.558-7.747,7.84-7.747l0,0c4.287,0,7.748,3.557,7.748,7.835C47.631,92.63,44.171,96.092,39.884,96.092z M94.94,93.808      c-1.458,1.459-3.461,2.284-5.465,2.284H89.38c-2.091,0-4.006-0.913-5.561-2.372c-1.458-1.458-2.275-3.461-2.18-5.473      c0.088-4.375,3.462-7.747,7.836-7.747l0,0c4.287,0,7.837,3.557,7.748,7.835C97.313,90.347,96.494,92.35,94.94,93.808z\"><\/path>\t\t\t\t<path fill=\"#8BB968\" d=\"M37.969,52.874c-0.456-0.089-0.909-0.177-1.458-0.177c-4.924,0-9.936,0-14.951,0      c-5.012,0-10.028,0-14.951,0c-0.544,0-1.093,0.088-1.458,0.177c-1.274,0.368-2.095,1.65-2.095,2.917      c0,1.377,1.001,2.556,2.188,2.836c0.549,0.088,1.094,0.088,1.643,0.088c3.737,0,7.475,0,11.212,0h3.462h2.644      c3.922,0,7.933,0,11.85,0c0.458,0,0.914,0,1.371-0.088c1.458-0.192,2.551-1.282,2.644-2.74      C40.249,54.612,39.339,53.242,37.969,52.874z\"><\/path>\t\t\t\t<path fill=\"#8BB968\" d=\"M42.712,38.387c-3.558,0-7.203,0-10.668,0c-1.458,0-3.009,0-4.467,0h-0.545c-0.729,0-1.458,0-2.187,0      c-0.369,0-0.822,0-1.186,0h-3.101c-2.824,0-5.653,0-8.477,0c-1.186,0-2.099,0.544-2.736,1.635      c-0.549,1.097-0.457,2.099,0.184,3.1c0.638,1.001,1.639,1.458,3.097,1.458l0,0c7.204,0,14.586,0,21.698,0h8.296      c0.272,0,0.457,0,0.729,0c0.909-0.088,1.638-0.545,2.187-1.177c0.55-0.642,0.73-1.555,0.55-2.468      C45.717,39.38,44.443,38.387,42.712,38.387z\"><\/path>\t\t\t\t<path fill=\"#8BB968\" d=\"M28.855,67.007c-2.006-0.088-4.01-0.088-5.925,0c-0.821,0-1.735,0-2.556,0H19.83      c-0.638,0-1.278,0-1.915,0c-0.821,0-1.642,0-2.46,0c-1.094,0-2.188,0-3.285,0c-1.731,0-3.004,1.282-3.097,3.013      c0,0.817,0.272,1.546,0.821,2.18c0.544,0.553,1.367,0.913,2.188,0.913c5.925,0.096,11.758,0,16.682,0      c1.366,0,2.459-0.817,2.917-2.003c0.364-0.913,0.184-1.915-0.365-2.732C30.678,67.463,29.857,67.007,28.855,67.007z\"><\/path>\t\t\t<\/g>\t\t<\/g>\t<\/g><\/g><\/svg>\t\t\t\t\t\t<\/span>\n\t\t\t\t\t\t\t\t\t\t<span class=\"elementor-icon-list-text\">Envio Gr\u00e1tis <br>A partir de 200 \u20ac para Espanha peninsular<\/span>\n\t\t\t\t\t\t\t\t\t<\/li>\n\t\t\t\t\t\t\t\t<li class=\"elementor-icon-list-item elementor-inline-item\">\n\t\t\t\t\t\t\t\t\t\t\t<span class=\"elementor-icon-list-icon\">\n\t\t\t\t\t\t\t<svg xmlns=\"http:\/\/www.w3.org\/2000\/svg\" xmlns:xlink=\"http:\/\/www.w3.org\/1999\/xlink\" x=\"0px\" y=\"0px\" width=\"120px\" height=\"120px\" viewBox=\"0 0 120 120\" xml:space=\"preserve\"><g id=\"Capa_1\">\t<g>\t\t<g>\t\t\t<g>\t\t\t\t<path fill=\"#8BB968\" d=\"M88.091,77.763c-4.124-0.523-4.124-0.523-8.148-2.802c-0.438-0.261-0.962-1.138-0.793-1.484      c1.671-3.94,2.986-8.057,6.664-10.95c3.848-2.886,7.965-3.147,12.343-2.092c1.924,0.523,3.848,1.223,5.694,2.007      c0.522,0.27,1.217,1.316,1.048,1.578c-1.925,3.848-2.979,8.318-6.835,11.034C95.094,77.146,91.938,77.854,88.091,77.763z\"><\/path>\t\t\t<\/g>\t\t<\/g>\t\t<g>\t\t\t<g>\t\t\t\t<g>\t\t\t\t\t<path fill=\"#8BB968\" d=\"M114.878,85.027c-0.701,0.531-1.315,1.139-2.101,1.492c-13.481,5.603-26.964,11.204-40.445,16.806       c-1.063,0.447-1.932,0.447-3.07,0C55.78,97.724,42.294,92.122,28.812,86.52c-1.927-0.784-2.1-1.047-2.1-3.063       c0-2.37,0-4.64,0-7.095c-0.439,0-0.789-0.085-1.228-0.085c-5.341,0-10.682,0-16.022,0c-0.438,0-0.877,0-1.312-0.084       c-0.877-0.262-1.4-0.97-1.4-1.848c0-0.869,0.523-1.569,1.4-1.747c0.435-0.084,0.962-0.177,1.401-0.177       c5.251,0,10.504,0,15.76,0c0.438,0,0.789,0,1.224,0c0-2.185,0-4.37,0-6.647c-2.013,0-4.025,0-6.041,0c-0.438,0-0.961,0-1.4,0       c-1.224-0.093-2.013-0.878-2.013-1.932c0-1.055,0.789-1.925,2.101-1.925c1.401,0,2.89,0,4.29,0c1.051,0,2.013,0,3.063,0       c0-2.277,0-4.377,0-6.655c-0.524,0-0.874,0-1.313,0c-6.567,0-13.046,0-19.61,0c-0.7,0-1.577-0.17-2.101-0.616       c-0.438-0.347-0.788-1.216-0.877-1.831c0-0.793,0.612-1.401,1.401-1.578c0.438-0.084,0.877-0.084,1.315-0.084       c6.652,0,13.394,0,20.046,0c0.438,0,0.877,0,1.404,0c0-0.531,0-0.877,0-1.316c0-4.47,0-9.018,0-13.489       c0-2.009,0-2.009,1.835-2.801C42.121,28.122,55.514,22.697,69,17.264c1.139-0.431,2.193-0.431,3.332,0       c13.651,5.602,27.395,11.204,41.062,16.813c0.43,0.177,0.868,0.523,1.215,0.785C114.878,51.584,114.878,68.313,114.878,85.027z        M111.023,38.625c-0.354,0.177-0.617,0.177-0.786,0.261c-12.174,5.079-24.424,10.158-36.597,15.236       c-0.786,0.354-0.786,0.786-0.786,1.401c0,14.097,0,28.195,0,42.292c0,0.354,0,0.699,0.085,1.138       c0.439-0.176,0.793-0.261,1.14-0.438c11.996-4.993,23.984-9.979,35.982-14.974c0.877-0.346,1.138-0.785,1.138-1.662       c-0.085-14.013-0.085-28.018-0.176-42.023C111.023,39.502,111.023,39.148,111.023,38.625z M68.915,98.954       c0-0.522,0-0.877,0-1.315c0-14.013,0-27.925,0-41.938c0-0.962-0.261-1.401-1.143-1.747c-11.205-4.648-22.5-9.28-33.708-14.012       c-1.05-0.439-2.101-0.87-3.324-1.316c0,4.294,0,8.403,0,12.612c1.312,0,2.535,0,3.762,0c1.228,0.084,2.101,1.054,1.927,2.193       c-0.088,1.046-0.877,1.662-2.189,1.746c-1.138,0-2.366,0-3.5,0c0,2.271,0,4.379,0,6.657c0.434,0,0.873,0,1.223,0       c5.606,0,11.208,0,16.726,0c1.485,0,2.362,0.692,2.362,1.924c0,1.139-0.877,1.924-2.278,2.017c-0.262,0-0.611,0-0.874,0       c-5.34,0-10.684,0-16.024,0c-0.351,0-0.786,0-1.224,0c0,2.277,0,4.37,0,6.647c0.438,0,0.874,0,1.224,0c2.189,0,4.378,0,6.568,0       c1.312,0,2.101,0.785,2.101,1.924c0,1.14-0.789,1.932-2.013,1.932c-1.489,0.085-2.978,0-4.467,0c-1.139,0-2.189,0-3.413,0       c0,2.009,0,3.939,0,5.863c0,0.793,0.262,1.14,0.962,1.401c12.081,4.994,24.078,9.98,36.159,15.059       C68.123,98.693,68.388,98.778,68.915,98.954z M86.768,27.33c-0.607-0.262-0.869-0.432-1.216-0.524       c-4.556-1.832-9.203-3.678-13.836-5.51c-0.522-0.177-1.315-0.177-1.847,0c-9.715,3.848-19.345,7.703-28.976,11.643       c-2.273,0.869-4.551,1.838-7.002,2.801c0.35,0.177,0.524,0.262,0.701,0.346c5.079,2.109,10.069,4.202,15.147,6.31       c0.435,0.17,1.05,0.085,1.485-0.091c5.605-2.362,11.296-4.725,16.899-7.095C74.34,32.592,80.473,29.961,86.768,27.33z        M107.867,35.74c-5.34-2.101-10.326-4.202-15.405-6.132c-0.431-0.17-0.962,0-1.4,0.184       c-11.466,4.809-22.938,9.711-34.408,14.621c-0.262,0.084-0.524,0.262-0.962,0.432c0.523,0.261,0.877,0.438,1.224,0.523       c4.293,1.846,8.669,3.593,12.954,5.433c0.708,0.354,1.324,0.262,2.108,0c9.542-4.033,19.176-8.057,28.718-11.997       C102.974,37.841,105.252,36.794,107.867,35.74z\"><\/path>\t\t\t\t<\/g>\t\t\t<\/g>\t\t<\/g>\t<\/g><\/g><\/svg>\t\t\t\t\t\t<\/span>\n\t\t\t\t\t\t\t\t\t\t<span class=\"elementor-icon-list-text\">ENVIO R\u00c1PIDO <br>Entre 5 e 7 dias \u00fateis na pen\u00ednsula.<\/span>\n\t\t\t\t\t\t\t\t\t<\/li>\n\t\t\t\t\t\t\t\t<li class=\"elementor-icon-list-item elementor-inline-item\">\n\t\t\t\t\t\t\t\t\t\t\t<span class=\"elementor-icon-list-icon\">\n\t\t\t\t\t\t\t<svg xmlns=\"http:\/\/www.w3.org\/2000\/svg\" xmlns:xlink=\"http:\/\/www.w3.org\/1999\/xlink\" id=\"Capa_1\" x=\"0px\" y=\"0px\" width=\"120px\" height=\"120px\" viewBox=\"0 0 120 120\" xml:space=\"preserve\"> <g id=\"Capa_2\"> <g> <path fill=\"#8BB968\" d=\"M65.723,70.66c-0.818,0-1.637-0.176-2.396-0.41c-0.117,0-0.117-0.116-0.06-0.232 c1.344-1.58,2.338-3.51,2.808-5.557c0.643-2.923,0.233-5.964-1.171-8.595c-1.403-2.632-3.741-4.679-6.548-5.788 c-2.807-1.111-5.905-1.17-8.771-0.234c-2.865,0.936-5.262,2.924-6.84,5.438c-1.58,2.571-2.164,5.612-1.638,8.536 c0.468,2.924,2.046,5.613,4.327,7.602c2.222,1.87,5.027,2.924,7.894,2.98l0,0c0.234,0,0.468-0.116,0.584-0.291 c0.118-0.176,0.177-0.353,0.177-0.526V71.42c0-0.409-0.352-0.76-0.761-0.818c-1.988-0.059-3.917-0.817-5.497-2.104 c-1.636-1.346-2.689-3.273-3.04-5.321c-0.352-2.046,0.058-4.209,1.169-6.021c1.111-1.813,2.807-3.157,4.794-3.858 c1.988-0.644,4.21-0.644,6.14,0.175c1.988,0.76,3.566,2.223,4.562,4.094c0.994,1.871,1.286,3.978,0.817,6.021 c-0.353,1.639-1.229,3.158-2.396,4.387c-0.059,0.06-0.176,0.06-0.233,0c-0.818-0.817-1.462-1.813-1.93-2.865 c-0.409-0.992-0.643-2.047-0.702-3.1c0-0.468-0.351-0.761-0.819-0.761H54.03c-0.176,0-0.409,0.06-0.526,0.176 c-0.175,0.177-0.292,0.409-0.292,0.644c0.058,1.58,0.352,3.041,0.936,4.503c0.643,1.521,1.578,2.925,2.748,4.095 c1.169,1.169,2.572,2.104,4.151,2.747c1.463,0.585,2.982,0.938,4.503,0.938l0,0c0.233,0,0.468-0.117,0.585-0.293 c0.116-0.177,0.176-0.353,0.176-0.525v-2.164C66.482,71.068,66.133,70.718,65.723,70.66\"><\/path> <path fill=\"#8BB968\" d=\"M19.355,64.639L19.355,64.639c-0.292-0.645-0.759-1.171-1.345-1.58c-0.584-0.408-1.229-0.76-1.929-0.994 c-0.76-0.291-1.52-0.524-2.281-0.7l0,0c-0.584-0.117-1.111-0.291-1.637-0.408c-0.468-0.176-0.936-0.353-1.345-0.524l0,0 c-0.175-0.062-0.351-0.179-0.526-0.295c-0.116-0.059-0.234-0.175-0.351-0.292c-0.058-0.059-0.117-0.176-0.117-0.233 c-0.058-0.06-0.058-0.174-0.058-0.233l0,0c0-0.233,0.117-0.468,0.292-0.642c0.176-0.235,0.468-0.41,0.703-0.527 c0.351-0.116,0.701-0.232,1.052-0.293c0.41-0.059,0.76-0.059,1.169-0.059l0,0c0.584,0,1.228,0.176,1.753,0.469 c0.41,0.175,1.229,0.877,1.638,1.285c0.175,0.119,0.409,0.177,0.585,0.06l2.281-1.578c0.233-0.177,0.292-0.468,0.116-0.644 c-0.584-0.818-1.345-1.463-2.281-1.93c-1.169-0.526-2.397-0.877-3.683-0.938c-0.877-0.061-1.755,0-2.631,0.116 c-0.819,0.116-1.58,0.409-2.339,0.761c-0.702,0.352-1.346,0.816-1.813,1.462c-0.468,0.644-0.761,1.403-0.819,2.163 c-0.059,0.702,0.058,1.462,0.41,2.163l0,0c0.351,0.585,0.876,1.11,1.461,1.463c0.644,0.408,1.346,0.761,2.105,0.993 c0.759,0.232,1.579,0.468,2.456,0.699c0.467,0.119,0.876,0.236,1.403,0.41l0,0c0.409,0.117,0.76,0.293,1.11,0.47l0,0 c0.294,0.176,0.468,0.352,0.644,0.585c0.117,0.232,0.175,0.468,0.175,0.699v0.062c0,0.291-0.116,0.524-0.292,0.759 c-0.233,0.234-0.527,0.41-0.819,0.526l0,0c-0.351,0.177-0.76,0.233-1.169,0.293l0,0c-0.41,0.06-0.878,0.06-1.287,0l0,0 c-0.877-0.06-1.696-0.293-2.397-0.702c-0.526-0.352-0.994-0.76-1.403-1.169C8.01,66.158,7.777,66.1,7.542,66.273l-2.397,1.639 c-0.233,0.177-0.292,0.468-0.117,0.701c0.701,0.82,1.579,1.521,2.631,2.048l0,0c1.287,0.524,2.689,0.877,4.094,0.935 c0.351,0,0.642,0.059,0.994,0.059c0.584,0,1.169-0.059,1.753-0.114c0.877-0.117,1.697-0.353,2.514-0.702 c0.761-0.352,1.403-0.877,1.93-1.521c0.526-0.701,0.819-1.58,0.877-2.455C19.823,66.1,19.707,65.339,19.355,64.639\"><\/path> <path fill=\"#8BB968\" d=\"M106.479,68.027c-2.748,0-5.027-2.221-5.027-4.971c0-2.746,2.279-4.97,5.027-4.97 c2.746,0,5.027,2.224,5.027,4.97C111.506,65.807,109.225,68.027,106.479,68.027 M115.131,63.059c0-4.734-3.857-8.596-8.652-8.596 s-8.653,3.859-8.653,8.596c0,4.737,3.858,8.597,8.653,8.597c2.863,0,4.326-1.286,4.854-1.931c0.061-0.117,0.232-0.059,0.232,0.06 v0.292v0.761c0,0.47,0.354,0.818,0.818,0.818h1.988c0.468,0,0.818-0.351,0.818-0.818v-7.603c0,0,0,0,0-0.06 C115.131,63.175,115.131,63.116,115.131,63.059\"><\/path> <path fill=\"#8BB968\" d=\"M97.006,54.695c-0.177-0.174-0.354-0.232-0.586-0.232c-1.052,0.059-2.047,0.232-2.982,0.645 c-1.051,0.408-1.984,1.053-2.807,1.871c-0.816,0.817-1.461,1.754-1.871,2.808c-0.408,0.935-0.584,1.929-0.643,2.981 c0,0,0,0,0,0.059l0,0v8.011c0,0.47,0.352,0.818,0.818,0.818h2.047c0.469,0,0.816-0.351,0.816-0.818v-7.952v-0.059 c0-0.584,0.176-1.111,0.354-1.639c0.231-0.584,0.643-1.17,1.109-1.638c0.465-0.468,0.993-0.817,1.639-1.11 c0.523-0.232,1.052-0.351,1.637-0.351c0.408,0,0.76-0.353,0.76-0.819v-1.985C97.238,55.105,97.122,54.873,97.006,54.695\"><\/path> <path fill=\"#8BB968\" d=\"M84.785,54.348h-1.988c-0.468,0-0.818,0.351-0.818,0.816v7.895v0.06v0.468c0,0.061,0,0.061,0,0.117 c-0.117,1.109-0.586,2.104-1.346,2.863c-0.408,0.41-0.936,0.763-1.52,0.994c-0.586,0.234-1.17,0.353-1.756,0.353 c-0.584,0-1.229-0.116-1.754-0.353c-0.584-0.231-1.054-0.584-1.521-0.994c-0.761-0.76-1.229-1.754-1.345-2.863 c0-0.059,0-0.059,0-0.117v-0.468v-0.06v-7.895c0-0.469-0.354-0.816-0.819-0.816h-1.987c-0.469,0-0.818,0.351-0.818,0.816v7.66 v0.232v0.234c0,1.107,0.234,2.163,0.645,3.157c0.408,0.991,0.994,1.929,1.813,2.688c0.762,0.763,1.695,1.347,2.689,1.813 c0.994,0.408,2.047,0.644,3.156,0.644c1.111,0,2.165-0.231,3.159-0.644c0.993-0.408,1.929-0.993,2.688-1.813 c1.344-1.344,2.164-3.099,2.396-5.145c0-0.06,0-0.06,0-0.117v-0.817v-0.233v-7.66C85.604,54.695,85.252,54.348,84.785,54.348\"><\/path> <path fill=\"#8BB968\" d=\"M36.487,57.387c1.346,1.579,2.105,3.567,2.105,5.613v0.936c0,0.467-0.351,0.818-0.819,0.818H25.436 c-0.116,0-0.233,0.117-0.174,0.234c0.058,0.117,0.116,0.231,0.174,0.351c0.527,1.111,1.521,2.046,2.69,2.515 c1.169,0.47,2.456,0.525,3.625,0.116c0.761-0.233,1.404-0.702,1.988-1.228c0.292-0.292,0.701-0.352,0.994-0.176l1.578,0.816 c0.468,0.234,0.527,0.819,0.233,1.172c-0.993,1.168-2.28,2.047-3.742,2.514c-1.987,0.644-4.093,0.584-6.022-0.176 c-1.929-0.818-3.449-2.281-4.385-4.15c-0.936-1.871-1.11-3.977-0.584-6.023c0.526-1.986,1.754-3.74,3.509-4.91 c1.695-1.17,3.8-1.638,5.847-1.346C33.271,54.813,35.142,55.866,36.487,57.387z M30.816,57.796 c-1.287-0.175-2.573,0.116-3.625,0.877c-0.936,0.644-1.637,1.578-2.046,2.632c-0.059,0.06,0.058,0.176,0.118,0.176h9.647 c0.117,0,0.175-0.116,0.117-0.176c-0.233-0.644-0.585-1.229-0.994-1.697C33.213,58.615,32.043,57.973,30.816,57.796z\"><\/path> <\/g> <\/g> <\/svg>\t\t\t\t\t\t<\/span>\n\t\t\t\t\t\t\t\t\t\t<span class=\"elementor-icon-list-text\">FINANCIAMENTO F\u00c1CIL<\/span>\n\t\t\t\t\t\t\t\t\t<\/li>\n\t\t\t\t\t\t<\/ul>\n\t\t\t\t\t\t<\/div>\n\t\t\t\t<\/div>\n\t\t\t\t<\/div>\n\t\t<div class=\"elementor-element elementor-element-12f7a43 e-flex e-con-boxed e-con e-parent\" data-id=\"12f7a43\" data-element_type=\"container\" data-e-type=\"container\" data-settings=\"{&quot;background_background&quot;:&quot;classic&quot;}\">\n\t\t\t\t\t<div class=\"e-con-inner\">\n\t\t\t\t<div class=\"elementor-element elementor-element-7adeae2 elementor-widget elementor-widget-heading\" data-id=\"7adeae2\" data-element_type=\"widget\" data-e-type=\"widget\" data-widget_type=\"heading.default\">\n\t\t\t\t<div class=\"elementor-widget-container\">\n\t\t\t\t\t<h1 class=\"elementor-heading-title elementor-size-default\">Relva Artificial Maiorca<\/h1>\t\t\t\t<\/div>\n\t\t\t\t<\/div>\n\t\t\t\t<div class=\"elementor-element elementor-element-1454441 elementor-grid-mobile-1 elementor-grid-4 elementor-grid-tablet-3 elementor-products-grid elementor-wc-products elementor-widget elementor-widget-woocommerce-products\" data-id=\"1454441\" data-element_type=\"widget\" data-e-type=\"widget\" data-widget_type=\"woocommerce-products.default\">\n\t\t\t\t<div class=\"elementor-widget-container\">\n\t\t\t\t\t<div class=\"woocommerce columns-4 \"><ul class=\"products elementor-grid columns-4\">\n<li class=\"sales-flash-overlay woocommerce-text-align-center woocommerce-image-align-center do-quantity-buttons wc-has-gallery product type-product post-89158 status-publish first instock product_cat-decorativo-pt-3 product_cat-cesped-artificial-pt product_tag-destaques-home product_tag-novedades-pt product_tag-pt-2 product_tag-relva-cidades has-post-thumbnail sale taxable shipping-taxable purchasable product-type-variable\">\n\t<a href=\"https:\/\/www.jardinartificial.es\/pt\/comprar\/cesped-artificial-pt\/cesped-artificial-sevilla-33mm\/\" class=\"woocommerce-LoopProduct-link woocommerce-loop-product__link\"><div class=\"container extra-info\"><div class=\"loopTitle\"><span>De <\/span><b>11,62\u20ac\/m<sup>2<\/sup> <\/b><\/div><img decoding=\"async\" src=\"https:\/\/www.jardinartificial.es\/wp-content\/uploads\/2023\/03\/Jardin-artificial_listado_03.png\" class=\"ofertaLoop\"><\/div><img fetchpriority=\"high\" decoding=\"async\" width=\"480\" height=\"480\" src=\"https:\/\/www.jardinartificial.es\/wp-content\/uploads\/2026\/01\/Cesped-Artificial-Sevilla-33mm-480x480.jpeg\" class=\"secondary-image attachment-shop-catalog\" alt=\"C\u00e9sped Artificial Sevilla 33mm\" srcset=\"https:\/\/www.jardinartificial.es\/wp-content\/uploads\/2026\/01\/Cesped-Artificial-Sevilla-33mm-480x480.jpeg 480w, https:\/\/www.jardinartificial.es\/wp-content\/uploads\/2026\/01\/Cesped-Artificial-Sevilla-33mm-150x150.jpeg 150w\" sizes=\"(max-width: 480px) 100vw, 480px\" \/>\n\t\n\t<img decoding=\"async\" width=\"480\" height=\"480\" src=\"https:\/\/www.jardinartificial.es\/wp-content\/uploads\/2026\/01\/Cesped-Artificial-Sevilla-33mm-480x480.webp\" class=\"attachment-woocommerce_thumbnail size-woocommerce_thumbnail\" alt=\"Relva Artificial Seville 33mm\" srcset=\"https:\/\/www.jardinartificial.es\/wp-content\/uploads\/2026\/01\/Cesped-Artificial-Sevilla-33mm-480x480.webp 480w, https:\/\/www.jardinartificial.es\/wp-content\/uploads\/2026\/01\/Cesped-Artificial-Sevilla-33mm-150x150.webp 150w\" sizes=\"(max-width: 480px) 100vw, 480px\" \/><span class=\"ultimos\">Povoado!<\/span><h2 class=\"woocommerce-loop-product__title\">Relva Artificial Seville 33mm<\/h2><div class='iconosLoop'><div class='iconoLoop iconoLoopNuevo'>\n            <img src='https:\/\/www.jardinartificial.es\/wp-content\/uploads\/2025\/05\/icon-nuevo-pt.svg' alt='Producto nuevo'> \n        <\/div><div class='iconoLoop'>\n            <img src='https:\/\/www.jardinartificial.es\/wp-content\/uploads\/2019\/07\/icono-producto-altura.svg' alt='Altura c\u00e9sped artificial'> \n            33mm\n        <\/div><\/div><div class=\"star-rating\" title=\"Classificado com 4.67 de 5\"><span style=\"width:93.4%\"><strong class=\"rating\">4.67<\/strong> de 5<\/span><\/div>\n\t<span class=\"price\"><del><span class=\"woocommerce-Price-amount amount\"><bdi>12,60<span class=\"woocommerce-Price-currencySymbol\">&euro;<\/span><\/bdi><\/span><\/del> <ins><span class=\"woocommerce-Price-amount amount\"><bdi>11,97<span class=\"woocommerce-Price-currencySymbol\">&euro;<\/span><\/bdi><\/span><small class=\"woocommerce-price-suffix\">IVA incl<\/small><\/ins><\/span>\n<div class=\"rolloLoop\">Lan\u00e7a 50.0<sup>m2<\/sup> ou corta<\/div><\/a><div class=\"loopCardButton\"><a href=\"https:\/\/www.jardinartificial.es\/pt\/comprar\/cesped-artificial-pt\/cesped-artificial-sevilla-33mm\/\" aria-describedby=\"woocommerce_loop_add_to_cart_link_describedby_89158\" data-quantity=\"1\" order=\"2\" class=\"button product_type_variable add_to_cart_button\" data-product_id=\"89158\" data-product_sku=\"JA-SEVILLA-33\" aria-label=\"Seleccione as op\u00e7\u00f5es para &ldquo;Relva Artificial Seville 33mm&rdquo;\" rel=\"nofollow\">COMPRAR<\/a><\/div>    <span id=\"woocommerce_loop_add_to_cart_link_describedby_89158\" class=\"screen-reader-text\">\n        This product has multiple variants. The options may be chosen on the product page    <\/span>\n    <p class=\"woocommerce-products-compare-compare-button\"><label for=\"woocommerce-products-compare-checkbox-89158\"><input type=\"checkbox\" class=\"woocommerce-products-compare-checkbox\" data-product-id=\"89158\"  id=\"woocommerce-products-compare-checkbox-89158\" \/>&nbsp;Comparar<\/label> <a href=\"https:\/\/www.jardinartificial.es\/pt\/\/comparador\/\" title=\"Comparar p\u00e1gina\" class=\"woocommerce-products-compare-compare-link\"><span class=\"dashicons dashicons-external\"><\/span><\/a><\/p><\/li>\n<li class=\"sales-flash-overlay woocommerce-text-align-center woocommerce-image-align-center do-quantity-buttons wc-has-gallery product type-product post-77785 status-publish instock product_cat-decorativo-pt-3 product_cat-cesped-artificial-pt product_tag-pt-2 product_tag-relva-cidades has-post-thumbnail sale featured taxable shipping-taxable purchasable product-type-variable\">\n\t<a href=\"https:\/\/www.jardinartificial.es\/pt\/comprar\/cesped-artificial-pt\/relva-artificial-valencia-35mm\/\" class=\"woocommerce-LoopProduct-link woocommerce-loop-product__link\"><div class=\"container extra-info\"><div class=\"loopTitle\"><span>De <\/span><b>14,40\u20ac\/m<sup>2<\/sup> <\/b><\/div><img decoding=\"async\" src=\"https:\/\/www.jardinartificial.es\/wp-content\/uploads\/2023\/03\/Jardin-artificial_listado_03.png\" class=\"ofertaLoop\"><\/div><img decoding=\"async\" width=\"480\" height=\"480\" src=\"https:\/\/www.jardinartificial.es\/wp-content\/uploads\/2026\/01\/Cesped-Artificial-Valencia-35mm-2-480x480.jpeg\" class=\"secondary-image attachment-shop-catalog\" alt=\"C\u00e9sped Artificial Valencia 35mm\" srcset=\"https:\/\/www.jardinartificial.es\/wp-content\/uploads\/2026\/01\/Cesped-Artificial-Valencia-35mm-2-480x480.jpeg 480w, https:\/\/www.jardinartificial.es\/wp-content\/uploads\/2026\/01\/Cesped-Artificial-Valencia-35mm-2-300x300.jpeg 300w, https:\/\/www.jardinartificial.es\/wp-content\/uploads\/2026\/01\/Cesped-Artificial-Valencia-35mm-2-1024x1024.jpeg 1024w, https:\/\/www.jardinartificial.es\/wp-content\/uploads\/2026\/01\/Cesped-Artificial-Valencia-35mm-2-150x150.jpeg 150w, https:\/\/www.jardinartificial.es\/wp-content\/uploads\/2026\/01\/Cesped-Artificial-Valencia-35mm-2-768x768.jpeg 768w, https:\/\/www.jardinartificial.es\/wp-content\/uploads\/2026\/01\/Cesped-Artificial-Valencia-35mm-2-1536x1536.jpeg 1536w, https:\/\/www.jardinartificial.es\/wp-content\/uploads\/2026\/01\/Cesped-Artificial-Valencia-35mm-2-600x600.jpeg 600w, https:\/\/www.jardinartificial.es\/wp-content\/uploads\/2026\/01\/Cesped-Artificial-Valencia-35mm-2.jpeg 1920w\" sizes=\"(max-width: 480px) 100vw, 480px\" \/>\n\t\n\t<img loading=\"lazy\" decoding=\"async\" width=\"480\" height=\"480\" src=\"https:\/\/www.jardinartificial.es\/wp-content\/uploads\/2026\/01\/Cesped-Artificial-Valencia-35mm-480x480.jpeg\" class=\"attachment-woocommerce_thumbnail size-woocommerce_thumbnail\" alt=\"Relva Artificial Valencia 35mm\" srcset=\"https:\/\/www.jardinartificial.es\/wp-content\/uploads\/2026\/01\/Cesped-Artificial-Valencia-35mm-480x480.jpeg 480w, https:\/\/www.jardinartificial.es\/wp-content\/uploads\/2026\/01\/Cesped-Artificial-Valencia-35mm-150x150.jpeg 150w\" sizes=\"(max-width: 480px) 100vw, 480px\" \/><h2 class=\"woocommerce-loop-product__title\">Relva Artificial Valencia 35mm<\/h2><div class='iconosLoop'><div class='iconoLoop'>\n            <img src='https:\/\/www.jardinartificial.es\/wp-content\/uploads\/2019\/07\/icono-producto-altura.svg' alt='Altura c\u00e9sped artificial'> \n            35mm\n        <\/div><\/div><div class=\"star-rating\" title=\"Sem classifica\u00e7\u00e3o\"><span style=\"width:0%\"><strong class=\"rating\">0<\/strong> de 5<\/span><\/div>\n\t<span class=\"price\"><del><span class=\"woocommerce-Price-amount amount\"><bdi>15,13<span class=\"woocommerce-Price-currencySymbol\">&euro;<\/span><\/bdi><\/span><\/del> <ins><span class=\"woocommerce-Price-amount amount\"><bdi>14,83<span class=\"woocommerce-Price-currencySymbol\">&euro;<\/span><\/bdi><\/span><small class=\"woocommerce-price-suffix\">IVA incl<\/small><\/ins><\/span>\n<div class=\"rolloLoop\">Lan\u00e7a 40.0<sup>m2<\/sup> ou corta<\/div><\/a><div class=\"loopCardButton\"><a href=\"https:\/\/www.jardinartificial.es\/pt\/comprar\/cesped-artificial-pt\/relva-artificial-valencia-35mm\/\" aria-describedby=\"woocommerce_loop_add_to_cart_link_describedby_77785\" data-quantity=\"1\" order=\"2\" class=\"button product_type_variable add_to_cart_button\" data-product_id=\"77785\" data-product_sku=\"JA-VALEN-35-23\" aria-label=\"Seleccione as op\u00e7\u00f5es para &ldquo;Relva Artificial Valencia 35mm&rdquo;\" rel=\"nofollow\">COMPRAR<\/a><\/div>    <span id=\"woocommerce_loop_add_to_cart_link_describedby_77785\" class=\"screen-reader-text\">\n        This product has multiple variants. The options may be chosen on the product page    <\/span>\n    <p class=\"woocommerce-products-compare-compare-button\"><label for=\"woocommerce-products-compare-checkbox-77785\"><input type=\"checkbox\" class=\"woocommerce-products-compare-checkbox\" data-product-id=\"77785\"  id=\"woocommerce-products-compare-checkbox-77785\" \/>&nbsp;Comparar<\/label> <a href=\"https:\/\/www.jardinartificial.es\/pt\/\/comparador\/\" title=\"Comparar p\u00e1gina\" class=\"woocommerce-products-compare-compare-link\"><span class=\"dashicons dashicons-external\"><\/span><\/a><\/p><\/li>\n<li class=\"sales-flash-overlay woocommerce-text-align-center woocommerce-image-align-center do-quantity-buttons wc-has-gallery product type-product post-88531 status-publish instock product_cat-decorativo-pt-3 product_cat-cesped-artificial-pt product_tag-novedades-pt product_tag-pt-2 product_tag-relva-cidades has-post-thumbnail taxable shipping-taxable purchasable product-type-variable has-default-attributes\">\n\t<a href=\"https:\/\/www.jardinartificial.es\/pt\/comprar\/cesped-artificial-pt\/cesped-artificial-huelva-40mm\/\" class=\"woocommerce-LoopProduct-link woocommerce-loop-product__link\"><div class=\"container extra-info\"><div class=\"loopTitle\"><span>De <\/span><b>15,85\u20ac\/m<sup>2<\/sup> <\/b><\/div><\/div><img loading=\"lazy\" decoding=\"async\" width=\"480\" height=\"480\" src=\"https:\/\/www.jardinartificial.es\/wp-content\/uploads\/2026\/01\/Cesped-Artificial-Raygrass-40-3-480x480.jpeg\" class=\"secondary-image attachment-shop-catalog\" alt=\"C\u00e9sped Artificial Raygrass 40\" srcset=\"https:\/\/www.jardinartificial.es\/wp-content\/uploads\/2026\/01\/Cesped-Artificial-Raygrass-40-3-480x480.jpeg 480w, https:\/\/www.jardinartificial.es\/wp-content\/uploads\/2026\/01\/Cesped-Artificial-Raygrass-40-3-150x150.jpeg 150w\" sizes=\"(max-width: 480px) 100vw, 480px\" \/><img loading=\"lazy\" decoding=\"async\" width=\"480\" height=\"480\" src=\"https:\/\/www.jardinartificial.es\/wp-content\/uploads\/2026\/01\/Cesped-Artificial-Raygrass-40-480x480.jpeg\" class=\"attachment-woocommerce_thumbnail size-woocommerce_thumbnail\" alt=\"Relva Artificial Raygrass 40\" srcset=\"https:\/\/www.jardinartificial.es\/wp-content\/uploads\/2026\/01\/Cesped-Artificial-Raygrass-40-480x480.jpeg 480w, https:\/\/www.jardinartificial.es\/wp-content\/uploads\/2026\/01\/Cesped-Artificial-Raygrass-40-150x150.jpeg 150w\" sizes=\"(max-width: 480px) 100vw, 480px\" \/><h2 class=\"woocommerce-loop-product__title\">Relva Artificial Huelva 40mm<\/h2><div class='iconosLoop'><div class='iconoLoop iconoLoopNuevo'>\n            <img src='https:\/\/www.jardinartificial.es\/wp-content\/uploads\/2025\/05\/icon-nuevo-pt.svg' alt='Producto nuevo'> \n        <\/div><div class='iconoLoop'>\n            <img src='https:\/\/www.jardinartificial.es\/wp-content\/uploads\/2019\/07\/icono-producto-altura.svg' alt='Altura c\u00e9sped artificial'> \n            40mm\n        <\/div><\/div><div class=\"star-rating\" title=\"Classificado com 5.00 de 5\"><span style=\"width:100%\"><strong class=\"rating\">5.00<\/strong> de 5<\/span><\/div>\n\t<span class=\"price\"><span class=\"woocommerce-Price-amount amount\"><bdi>16,33<span class=\"woocommerce-Price-currencySymbol\">&euro;<\/span><\/bdi><\/span><small class=\"woocommerce-price-suffix\"> IVA incl<\/small><\/span>\n<div class=\"rolloLoop\">Lan\u00e7a 50.0<sup>m2<\/sup> ou corta<\/div><\/a><div class=\"loopCardButton\"><a href=\"https:\/\/www.jardinartificial.es\/pt\/comprar\/cesped-artificial-pt\/cesped-artificial-huelva-40mm\/\" aria-describedby=\"woocommerce_loop_add_to_cart_link_describedby_88531\" data-quantity=\"1\" order=\"2\" class=\"button product_type_variable add_to_cart_button\" data-product_id=\"88531\" data-product_sku=\"JA-HUELVA-40\" aria-label=\"Seleccione as op\u00e7\u00f5es para &ldquo;Relva Artificial Huelva 40mm&rdquo;\" rel=\"nofollow\">COMPRAR<\/a><\/div>    <span id=\"woocommerce_loop_add_to_cart_link_describedby_88531\" class=\"screen-reader-text\">\n        This product has multiple variants. The options may be chosen on the product page    <\/span>\n    <p class=\"woocommerce-products-compare-compare-button\"><label for=\"woocommerce-products-compare-checkbox-88531\"><input type=\"checkbox\" class=\"woocommerce-products-compare-checkbox\" data-product-id=\"88531\"  id=\"woocommerce-products-compare-checkbox-88531\" \/>&nbsp;Comparar<\/label> <a href=\"https:\/\/www.jardinartificial.es\/pt\/\/comparador\/\" title=\"Comparar p\u00e1gina\" class=\"woocommerce-products-compare-compare-link\"><span class=\"dashicons dashicons-external\"><\/span><\/a><\/p><\/li>\n<li class=\"sales-flash-overlay woocommerce-text-align-center woocommerce-image-align-center do-quantity-buttons wc-has-gallery product type-product post-89979 status-publish last instock product_cat-decorativo-pt-3 product_cat-multidirecional product_cat-cesped-artificial-pt product_tag-pt-2 product_tag-relva-cidades has-post-thumbnail sale featured taxable shipping-taxable purchasable product-type-variable\">\n\t<a href=\"https:\/\/www.jardinartificial.es\/pt\/comprar\/cesped-artificial-pt\/relva-artificial-multinature-30mm\/\" class=\"woocommerce-LoopProduct-link woocommerce-loop-product__link\"><div class=\"container extra-info\"><div class=\"loopTitle\"><span>De <\/span><b>11,99\u20ac\/m<sup>2<\/sup> <\/b><\/div><img decoding=\"async\" src=\"https:\/\/www.jardinartificial.es\/wp-content\/uploads\/2023\/03\/Jardin-artificial_listado_03.png\" class=\"ofertaLoop\"><\/div><img loading=\"lazy\" decoding=\"async\" width=\"480\" height=\"480\" src=\"https:\/\/www.jardinartificial.es\/wp-content\/uploads\/2026\/01\/Cesped-Artificial-Nature-30-2-480x480.jpeg\" class=\"secondary-image attachment-shop-catalog\" alt=\"C\u00e9sped Artificial Nature 30\" srcset=\"https:\/\/www.jardinartificial.es\/wp-content\/uploads\/2026\/01\/Cesped-Artificial-Nature-30-2-480x480.jpeg 480w, https:\/\/www.jardinartificial.es\/wp-content\/uploads\/2026\/01\/Cesped-Artificial-Nature-30-2-150x150.jpeg 150w\" sizes=\"(max-width: 480px) 100vw, 480px\" \/>\n\t\n\t<img loading=\"lazy\" decoding=\"async\" width=\"480\" height=\"480\" src=\"https:\/\/www.jardinartificial.es\/wp-content\/uploads\/2026\/01\/Cesped-Artificial-Nature-30-480x480.jpeg\" class=\"attachment-woocommerce_thumbnail size-woocommerce_thumbnail\" alt=\"Relva Artificial Nature 30\" srcset=\"https:\/\/www.jardinartificial.es\/wp-content\/uploads\/2026\/01\/Cesped-Artificial-Nature-30-480x480.jpeg 480w, https:\/\/www.jardinartificial.es\/wp-content\/uploads\/2026\/01\/Cesped-Artificial-Nature-30-150x150.jpeg 150w\" sizes=\"(max-width: 480px) 100vw, 480px\" \/><h2 class=\"woocommerce-loop-product__title\">Relva Artificial Multinature 30mm<\/h2><div class='iconosLoop'><div class='iconoLoop iconoLoopNuevo'>\n            <img src='https:\/\/www.jardinartificial.es\/wp-content\/uploads\/2025\/05\/icon-nuevo-pt.svg' alt='Producto nuevo'> \n        <\/div><div class='iconoLoop'>\n            <img src='https:\/\/www.jardinartificial.es\/wp-content\/uploads\/2019\/07\/icono-producto-altura.svg' alt='Altura c\u00e9sped artificial'> \n            30mm\n        <\/div><div class='iconoLoop iconoLoopFeatured'>\n                    <img src='https:\/\/www.jardinartificial.es\/wp-content\/uploads\/2025\/05\/icon-multi-pt.svg' alt='Multidirecional'> \n                <\/div><\/div><div class=\"star-rating\" title=\"Sem classifica\u00e7\u00e3o\"><span style=\"width:0%\"><strong class=\"rating\">0<\/strong> de 5<\/span><\/div>\n\t<span class=\"price\"><del><span class=\"woocommerce-Price-amount amount\"><bdi>15,44<span class=\"woocommerce-Price-currencySymbol\">&euro;<\/span><\/bdi><\/span><\/del> <ins><span class=\"woocommerce-Price-amount amount\"><bdi>12,35<span class=\"woocommerce-Price-currencySymbol\">&euro;<\/span><\/bdi><\/span><small class=\"woocommerce-price-suffix\">IVA incl<\/small><\/ins><\/span>\n<div class=\"rolloLoop\">Lan\u00e7a 50.0<sup>m2<\/sup> ou corta<\/div><\/a><div class=\"loopCardButton\"><a href=\"https:\/\/www.jardinartificial.es\/pt\/comprar\/cesped-artificial-pt\/relva-artificial-multinature-30mm\/\" aria-describedby=\"woocommerce_loop_add_to_cart_link_describedby_89979\" data-quantity=\"1\" order=\"2\" class=\"button product_type_variable add_to_cart_button\" data-product_id=\"89979\" data-product_sku=\"JA-Multinature-30\" aria-label=\"Seleccione as op\u00e7\u00f5es para &ldquo;Relva Artificial Multinature 30mm&rdquo;\" rel=\"nofollow\">COMPRAR<\/a><\/div>    <span id=\"woocommerce_loop_add_to_cart_link_describedby_89979\" class=\"screen-reader-text\">\n        This product has multiple variants. The options may be chosen on the product page    <\/span>\n    <p class=\"woocommerce-products-compare-compare-button\"><label for=\"woocommerce-products-compare-checkbox-89979\"><input type=\"checkbox\" class=\"woocommerce-products-compare-checkbox\" data-product-id=\"89979\"  id=\"woocommerce-products-compare-checkbox-89979\" \/>&nbsp;Comparar<\/label> <a href=\"https:\/\/www.jardinartificial.es\/pt\/\/comparador\/\" title=\"Comparar p\u00e1gina\" class=\"woocommerce-products-compare-compare-link\"><span class=\"dashicons dashicons-external\"><\/span><\/a><\/p><\/li>\n<li class=\"sales-flash-overlay woocommerce-text-align-center woocommerce-image-align-center do-quantity-buttons wc-has-gallery product type-product post-77676 status-publish first instock product_cat-decorativo-pt-3 product_cat-cesped-artificial-pt product_tag-casa-mais-procurada product_tag-pt-2 product_tag-relva-cidades has-post-thumbnail taxable shipping-taxable purchasable product-type-variable\">\n\t<a href=\"https:\/\/www.jardinartificial.es\/pt\/comprar\/cesped-artificial-pt\/relva-artificial-economica-30mm\/\" class=\"woocommerce-LoopProduct-link woocommerce-loop-product__link\"><div class=\"container extra-info\"><div class=\"loopTitle\"><span>De <\/span><b>10,39\u20ac\/m<sup>2<\/sup> <\/b><\/div><\/div><img loading=\"lazy\" decoding=\"async\" width=\"480\" height=\"480\" src=\"https:\/\/www.jardinartificial.es\/wp-content\/uploads\/2026\/01\/Cesped-Artificial-Economy-30mm-480x480.jpeg\" class=\"secondary-image attachment-shop-catalog\" alt=\"C\u00e9sped Artificial Economy 30mm\" srcset=\"https:\/\/www.jardinartificial.es\/wp-content\/uploads\/2026\/01\/Cesped-Artificial-Economy-30mm-480x480.jpeg 480w, https:\/\/www.jardinartificial.es\/wp-content\/uploads\/2026\/01\/Cesped-Artificial-Economy-30mm-300x300.jpeg 300w, https:\/\/www.jardinartificial.es\/wp-content\/uploads\/2026\/01\/Cesped-Artificial-Economy-30mm-1024x1024.jpeg 1024w, https:\/\/www.jardinartificial.es\/wp-content\/uploads\/2026\/01\/Cesped-Artificial-Economy-30mm-150x150.jpeg 150w, https:\/\/www.jardinartificial.es\/wp-content\/uploads\/2026\/01\/Cesped-Artificial-Economy-30mm-768x768.jpeg 768w, https:\/\/www.jardinartificial.es\/wp-content\/uploads\/2026\/01\/Cesped-Artificial-Economy-30mm-1536x1536.jpeg 1536w, https:\/\/www.jardinartificial.es\/wp-content\/uploads\/2026\/01\/Cesped-Artificial-Economy-30mm-600x600.jpeg 600w, https:\/\/www.jardinartificial.es\/wp-content\/uploads\/2026\/01\/Cesped-Artificial-Economy-30mm.jpeg 1920w\" sizes=\"(max-width: 480px) 100vw, 480px\" \/><img loading=\"lazy\" decoding=\"async\" width=\"480\" height=\"480\" src=\"https:\/\/www.jardinartificial.es\/wp-content\/uploads\/2026\/01\/Cesped-Artificial-Essential-30-480x480.webp\" class=\"attachment-woocommerce_thumbnail size-woocommerce_thumbnail\" alt=\"Relva Artificial Essential 30\" srcset=\"https:\/\/www.jardinartificial.es\/wp-content\/uploads\/2026\/01\/Cesped-Artificial-Essential-30-480x480.webp 480w, https:\/\/www.jardinartificial.es\/wp-content\/uploads\/2026\/01\/Cesped-Artificial-Essential-30-300x300.webp 300w, https:\/\/www.jardinartificial.es\/wp-content\/uploads\/2026\/01\/Cesped-Artificial-Essential-30-1024x1024.webp 1024w, https:\/\/www.jardinartificial.es\/wp-content\/uploads\/2026\/01\/Cesped-Artificial-Essential-30-150x150.webp 150w, https:\/\/www.jardinartificial.es\/wp-content\/uploads\/2026\/01\/Cesped-Artificial-Essential-30-768x768.webp 768w, https:\/\/www.jardinartificial.es\/wp-content\/uploads\/2026\/01\/Cesped-Artificial-Essential-30-1536x1536.webp 1536w, https:\/\/www.jardinartificial.es\/wp-content\/uploads\/2026\/01\/Cesped-Artificial-Essential-30-600x600.webp 600w, https:\/\/www.jardinartificial.es\/wp-content\/uploads\/2026\/01\/Cesped-Artificial-Essential-30.webp 1920w\" sizes=\"(max-width: 480px) 100vw, 480px\" \/><h2 class=\"woocommerce-loop-product__title\">Relva Artificial Economy 30mm<\/h2><div class='iconosLoop'><div class='iconoLoop'>\n            <img src='https:\/\/www.jardinartificial.es\/wp-content\/uploads\/2019\/07\/icono-producto-altura.svg' alt='Altura c\u00e9sped artificial'> \n            30mm\n        <\/div><\/div><div class=\"star-rating\" title=\"Classificado com 5.00 de 5\"><span style=\"width:100%\"><strong class=\"rating\">5.00<\/strong> de 5<\/span><\/div>\n\t<span class=\"price\"><span class=\"woocommerce-Price-amount amount\"><bdi>10,71<span class=\"woocommerce-Price-currencySymbol\">&euro;<\/span><\/bdi><\/span><small class=\"woocommerce-price-suffix\"> IVA incl<\/small><\/span>\n<div class=\"rolloLoop\">Lan\u00e7a 50.0<sup>m2<\/sup> ou corta<\/div><\/a><div class=\"loopCardButton\"><a href=\"https:\/\/www.jardinartificial.es\/pt\/comprar\/cesped-artificial-pt\/relva-artificial-economica-30mm\/\" aria-describedby=\"woocommerce_loop_add_to_cart_link_describedby_77676\" data-quantity=\"1\" order=\"2\" class=\"button product_type_variable add_to_cart_button\" data-product_id=\"77676\" data-product_sku=\"JA-ECONO-30-24\" aria-label=\"Seleccione as op\u00e7\u00f5es para &ldquo;Relva Artificial Economy 30mm&rdquo;\" rel=\"nofollow\">COMPRAR<\/a><\/div>    <span id=\"woocommerce_loop_add_to_cart_link_describedby_77676\" class=\"screen-reader-text\">\n        This product has multiple variants. The options may be chosen on the product page    <\/span>\n    <p class=\"woocommerce-products-compare-compare-button\"><label for=\"woocommerce-products-compare-checkbox-77676\"><input type=\"checkbox\" class=\"woocommerce-products-compare-checkbox\" data-product-id=\"77676\"  id=\"woocommerce-products-compare-checkbox-77676\" \/>&nbsp;Comparar<\/label> <a href=\"https:\/\/www.jardinartificial.es\/pt\/\/comparador\/\" title=\"Comparar p\u00e1gina\" class=\"woocommerce-products-compare-compare-link\"><span class=\"dashicons dashicons-external\"><\/span><\/a><\/p><\/li>\n<li class=\"sales-flash-overlay woocommerce-text-align-center woocommerce-image-align-center do-quantity-buttons wc-has-gallery product type-product post-90422 status-publish instock product_cat-reciclables-100-pt product_cat-decorativo-pt-3 product_cat-cesped-artificial-pt product_tag-novedades-pt product_tag-pt-2 product_tag-relva-cidades has-post-thumbnail sale taxable shipping-taxable purchasable product-type-variable\">\n\t<a href=\"https:\/\/www.jardinartificial.es\/pt\/comprar\/cesped-artificial-pt\/cesped-artificial-madrid-regreen-32mm\/\" class=\"woocommerce-LoopProduct-link woocommerce-loop-product__link\"><div class=\"container extra-info\"><div class=\"loopTitle\"><span>De <\/span><b>11,85\u20ac\/m<sup>2<\/sup> <\/b><\/div><img decoding=\"async\" src=\"https:\/\/www.jardinartificial.es\/wp-content\/uploads\/2023\/03\/Jardin-artificial_listado_03.png\" class=\"ofertaLoop\"><\/div><img loading=\"lazy\" decoding=\"async\" width=\"480\" height=\"480\" src=\"https:\/\/www.jardinartificial.es\/wp-content\/uploads\/2026\/03\/Cesped-Artificial-Madrid-Regreen-32mm-480x480.jpeg\" class=\"secondary-image attachment-shop-catalog\" alt=\"C\u00e9sped Artificial Madrid Regreen 32mm\" srcset=\"https:\/\/www.jardinartificial.es\/wp-content\/uploads\/2026\/03\/Cesped-Artificial-Madrid-Regreen-32mm-480x480.jpeg 480w, https:\/\/www.jardinartificial.es\/wp-content\/uploads\/2026\/03\/Cesped-Artificial-Madrid-Regreen-32mm-150x150.jpeg 150w\" sizes=\"(max-width: 480px) 100vw, 480px\" \/>\n\t\n\t<img loading=\"lazy\" decoding=\"async\" width=\"480\" height=\"480\" src=\"https:\/\/www.jardinartificial.es\/wp-content\/uploads\/2026\/01\/Cesped-Artificial-Madrid-Regreen-32mm-480x480.webp\" class=\"attachment-woocommerce_thumbnail size-woocommerce_thumbnail\" alt=\"Relva Artificial Madrid Regreen 32mm\" srcset=\"https:\/\/www.jardinartificial.es\/wp-content\/uploads\/2026\/01\/Cesped-Artificial-Madrid-Regreen-32mm-480x480.webp 480w, https:\/\/www.jardinartificial.es\/wp-content\/uploads\/2026\/01\/Cesped-Artificial-Madrid-Regreen-32mm-150x150.webp 150w\" sizes=\"(max-width: 480px) 100vw, 480px\" \/><h2 class=\"woocommerce-loop-product__title\">Relva Artificial Madrid Regreen 32mm<\/h2><div class='iconosLoop'><div class='iconoLoop iconoLoopNuevo'>\n            <img src='https:\/\/www.jardinartificial.es\/wp-content\/uploads\/2025\/05\/icon-nuevo-pt.svg' alt='Producto nuevo'> \n        <\/div><div class='iconoLoop'>\n            <img src='https:\/\/www.jardinartificial.es\/wp-content\/uploads\/2019\/07\/icono-producto-altura.svg' alt='Altura c\u00e9sped artificial'> \n            32mm\n        <\/div><div class='iconoLoop iconoLoopFeatured'>\n                    <img src='https:\/\/www.jardinartificial.es\/wp-content\/uploads\/2025\/05\/icon-reciclable-pt.svg' alt='Recicl\u00e1vel'> \n                <\/div><\/div><div class=\"star-rating\" title=\"Sem classifica\u00e7\u00e3o\"><span style=\"width:0%\"><strong class=\"rating\">0<\/strong> de 5<\/span><\/div>\n\t<span class=\"price\"><del><span class=\"woocommerce-Price-amount amount\"><bdi>13,57<span class=\"woocommerce-Price-currencySymbol\">&euro;<\/span><\/bdi><\/span><\/del> <ins><span class=\"woocommerce-Price-amount amount\"><bdi>12,21<span class=\"woocommerce-Price-currencySymbol\">&euro;<\/span><\/bdi><\/span><small class=\"woocommerce-price-suffix\">IVA incl<\/small><\/ins><\/span>\n<div class=\"rolloLoop\">Lan\u00e7a 50.0<sup>m2<\/sup> ou corta<\/div><\/a><div class=\"loopCardButton\"><a href=\"https:\/\/www.jardinartificial.es\/pt\/comprar\/cesped-artificial-pt\/cesped-artificial-madrid-regreen-32mm\/\" aria-describedby=\"woocommerce_loop_add_to_cart_link_describedby_90422\" data-quantity=\"1\" order=\"2\" class=\"button product_type_variable add_to_cart_button\" data-product_id=\"90422\" data-product_sku=\"JA-Madrid-Regreen-32\" aria-label=\"Seleccione as op\u00e7\u00f5es para &ldquo;Relva Artificial Madrid Regreen 32mm&rdquo;\" rel=\"nofollow\">COMPRAR<\/a><\/div>    <span id=\"woocommerce_loop_add_to_cart_link_describedby_90422\" class=\"screen-reader-text\">\n        This product has multiple variants. The options may be chosen on the product page    <\/span>\n    <p class=\"woocommerce-products-compare-compare-button\"><label for=\"woocommerce-products-compare-checkbox-90422\"><input type=\"checkbox\" class=\"woocommerce-products-compare-checkbox\" data-product-id=\"90422\"  id=\"woocommerce-products-compare-checkbox-90422\" \/>&nbsp;Comparar<\/label> <a href=\"https:\/\/www.jardinartificial.es\/pt\/\/comparador\/\" title=\"Comparar p\u00e1gina\" class=\"woocommerce-products-compare-compare-link\"><span class=\"dashicons dashicons-external\"><\/span><\/a><\/p><\/li>\n<li class=\"sales-flash-overlay woocommerce-text-align-center woocommerce-image-align-center do-quantity-buttons wc-has-gallery product type-product post-82246 status-publish instock product_cat-decorativo-pt-3 product_cat-cesped-artificial-pt product_tag-pt-2 product_tag-relva-cidades has-post-thumbnail sale taxable shipping-taxable purchasable product-type-variable\">\n\t<a href=\"https:\/\/www.jardinartificial.es\/pt\/comprar\/cesped-artificial-pt\/relva-artificial-espana-35mm\/\" class=\"woocommerce-LoopProduct-link woocommerce-loop-product__link\"><div class=\"container extra-info\"><div class=\"loopTitle\"><span>De <\/span><b>14,44\u20ac\/m<sup>2<\/sup> <\/b><\/div><img decoding=\"async\" src=\"https:\/\/www.jardinartificial.es\/wp-content\/uploads\/2023\/03\/Jardin-artificial_listado_03.png\" class=\"ofertaLoop\"><\/div><img loading=\"lazy\" decoding=\"async\" width=\"480\" height=\"480\" src=\"https:\/\/www.jardinartificial.es\/wp-content\/uploads\/2026\/01\/Cesped-Artificial-Valley-35-2-480x480.jpeg\" class=\"secondary-image attachment-shop-catalog\" alt=\"C\u00e9sped Artificial Valley 35\" srcset=\"https:\/\/www.jardinartificial.es\/wp-content\/uploads\/2026\/01\/Cesped-Artificial-Valley-35-2-480x480.jpeg 480w, https:\/\/www.jardinartificial.es\/wp-content\/uploads\/2026\/01\/Cesped-Artificial-Valley-35-2-300x300.jpeg 300w, https:\/\/www.jardinartificial.es\/wp-content\/uploads\/2026\/01\/Cesped-Artificial-Valley-35-2-1024x1024.jpeg 1024w, https:\/\/www.jardinartificial.es\/wp-content\/uploads\/2026\/01\/Cesped-Artificial-Valley-35-2-150x150.jpeg 150w, https:\/\/www.jardinartificial.es\/wp-content\/uploads\/2026\/01\/Cesped-Artificial-Valley-35-2-768x768.jpeg 768w, https:\/\/www.jardinartificial.es\/wp-content\/uploads\/2026\/01\/Cesped-Artificial-Valley-35-2-1536x1536.jpeg 1536w, https:\/\/www.jardinartificial.es\/wp-content\/uploads\/2026\/01\/Cesped-Artificial-Valley-35-2-600x600.jpeg 600w, https:\/\/www.jardinartificial.es\/wp-content\/uploads\/2026\/01\/Cesped-Artificial-Valley-35-2.jpeg 1920w\" sizes=\"(max-width: 480px) 100vw, 480px\" \/>\n\t\n\t<img loading=\"lazy\" decoding=\"async\" width=\"480\" height=\"480\" src=\"https:\/\/www.jardinartificial.es\/wp-content\/uploads\/2026\/01\/Cesped-Artificial-Valley-35-480x480.jpeg\" class=\"attachment-woocommerce_thumbnail size-woocommerce_thumbnail\" alt=\"Relva Artificial Valley 35\" srcset=\"https:\/\/www.jardinartificial.es\/wp-content\/uploads\/2026\/01\/Cesped-Artificial-Valley-35-480x480.jpeg 480w, https:\/\/www.jardinartificial.es\/wp-content\/uploads\/2026\/01\/Cesped-Artificial-Valley-35-300x300.jpeg 300w, https:\/\/www.jardinartificial.es\/wp-content\/uploads\/2026\/01\/Cesped-Artificial-Valley-35-1024x1024.jpeg 1024w, https:\/\/www.jardinartificial.es\/wp-content\/uploads\/2026\/01\/Cesped-Artificial-Valley-35-150x150.jpeg 150w, https:\/\/www.jardinartificial.es\/wp-content\/uploads\/2026\/01\/Cesped-Artificial-Valley-35-768x768.jpeg 768w, https:\/\/www.jardinartificial.es\/wp-content\/uploads\/2026\/01\/Cesped-Artificial-Valley-35-1536x1536.jpeg 1536w, https:\/\/www.jardinartificial.es\/wp-content\/uploads\/2026\/01\/Cesped-Artificial-Valley-35-600x600.jpeg 600w, https:\/\/www.jardinartificial.es\/wp-content\/uploads\/2026\/01\/Cesped-Artificial-Valley-35.jpeg 1920w\" sizes=\"(max-width: 480px) 100vw, 480px\" \/><h2 class=\"woocommerce-loop-product__title\">Relva Artificial Espanha 35mm<\/h2><div class='iconosLoop'><div class='iconoLoop'>\n            <img src='https:\/\/www.jardinartificial.es\/wp-content\/uploads\/2019\/07\/icono-producto-altura.svg' alt='Altura c\u00e9sped artificial'> \n            35mm\n        <\/div><\/div><div class=\"star-rating\" title=\"Classificado com 5.00 de 5\"><span style=\"width:100%\"><strong class=\"rating\">5.00<\/strong> de 5<\/span><\/div>\n\t<span class=\"price\"><del><span class=\"woocommerce-Price-amount amount\"><bdi>16,53<span class=\"woocommerce-Price-currencySymbol\">&euro;<\/span><\/bdi><\/span><\/del> <ins><span class=\"woocommerce-Price-amount amount\"><bdi>14,87<span class=\"woocommerce-Price-currencySymbol\">&euro;<\/span><\/bdi><\/span><small class=\"woocommerce-price-suffix\">IVA incl<\/small><\/ins><\/span>\n<div class=\"rolloLoop\">Lan\u00e7a 40.0<sup>m2<\/sup> ou corta<\/div><\/a><div class=\"loopCardButton\"><a href=\"https:\/\/www.jardinartificial.es\/pt\/comprar\/cesped-artificial-pt\/relva-artificial-espana-35mm\/\" aria-describedby=\"woocommerce_loop_add_to_cart_link_describedby_82246\" data-quantity=\"1\" order=\"2\" class=\"button product_type_variable add_to_cart_button\" data-product_id=\"82246\" data-product_sku=\"JA-ESPA-35-24\" aria-label=\"Seleccione as op\u00e7\u00f5es para &ldquo;Relva Artificial Espanha 35mm&rdquo;\" rel=\"nofollow\">COMPRAR<\/a><\/div>    <span id=\"woocommerce_loop_add_to_cart_link_describedby_82246\" class=\"screen-reader-text\">\n        This product has multiple variants. The options may be chosen on the product page    <\/span>\n    <p class=\"woocommerce-products-compare-compare-button\"><label for=\"woocommerce-products-compare-checkbox-82246\"><input type=\"checkbox\" class=\"woocommerce-products-compare-checkbox\" data-product-id=\"82246\"  id=\"woocommerce-products-compare-checkbox-82246\" \/>&nbsp;Comparar<\/label> <a href=\"https:\/\/www.jardinartificial.es\/pt\/\/comparador\/\" title=\"Comparar p\u00e1gina\" class=\"woocommerce-products-compare-compare-link\"><span class=\"dashicons dashicons-external\"><\/span><\/a><\/p><\/li>\n<li class=\"sales-flash-overlay woocommerce-text-align-center woocommerce-image-align-center do-quantity-buttons wc-has-gallery product type-product post-77660 status-publish last outofstock product_cat-decorativo-pt-3 product_cat-cesped-artificial-pt product_tag-pt-2 product_tag-relva-cidades has-post-thumbnail taxable shipping-taxable purchasable product-type-variable\">\n\t<a href=\"https:\/\/www.jardinartificial.es\/pt\/comprar\/cesped-artificial-pt\/relva-artificial-economica-40mm\/\" class=\"woocommerce-LoopProduct-link woocommerce-loop-product__link\"><div class=\"container extra-info\"><div class=\"loopTitle\"><span>De <\/span><b>12,81\u20ac\/m<sup>2<\/sup> <\/b><\/div><\/div><img loading=\"lazy\" decoding=\"async\" width=\"480\" height=\"480\" src=\"https:\/\/www.jardinartificial.es\/wp-content\/uploads\/2026\/01\/Cesped-Artificial-Economy-40mm-2-480x480.jpeg\" class=\"secondary-image attachment-shop-catalog\" alt=\"C\u00e9sped Artificial Economy 40mm\" srcset=\"https:\/\/www.jardinartificial.es\/wp-content\/uploads\/2026\/01\/Cesped-Artificial-Economy-40mm-2-480x480.jpeg 480w, https:\/\/www.jardinartificial.es\/wp-content\/uploads\/2026\/01\/Cesped-Artificial-Economy-40mm-2-300x300.jpeg 300w, https:\/\/www.jardinartificial.es\/wp-content\/uploads\/2026\/01\/Cesped-Artificial-Economy-40mm-2-1024x1024.jpeg 1024w, https:\/\/www.jardinartificial.es\/wp-content\/uploads\/2026\/01\/Cesped-Artificial-Economy-40mm-2-150x150.jpeg 150w, https:\/\/www.jardinartificial.es\/wp-content\/uploads\/2026\/01\/Cesped-Artificial-Economy-40mm-2-768x768.jpeg 768w, https:\/\/www.jardinartificial.es\/wp-content\/uploads\/2026\/01\/Cesped-Artificial-Economy-40mm-2-1536x1536.jpeg 1536w, https:\/\/www.jardinartificial.es\/wp-content\/uploads\/2026\/01\/Cesped-Artificial-Economy-40mm-2-600x600.jpeg 600w, https:\/\/www.jardinartificial.es\/wp-content\/uploads\/2026\/01\/Cesped-Artificial-Economy-40mm-2.jpeg 1920w\" sizes=\"(max-width: 480px) 100vw, 480px\" \/><img loading=\"lazy\" decoding=\"async\" width=\"480\" height=\"480\" src=\"https:\/\/www.jardinartificial.es\/wp-content\/uploads\/2026\/01\/Cesped-Artificial-Essential-40-480x480.webp\" class=\"attachment-woocommerce_thumbnail size-woocommerce_thumbnail\" alt=\"Relva Artificial Essential 40\" srcset=\"https:\/\/www.jardinartificial.es\/wp-content\/uploads\/2026\/01\/Cesped-Artificial-Essential-40-480x480.webp 480w, https:\/\/www.jardinartificial.es\/wp-content\/uploads\/2026\/01\/Cesped-Artificial-Essential-40-300x300.webp 300w, https:\/\/www.jardinartificial.es\/wp-content\/uploads\/2026\/01\/Cesped-Artificial-Essential-40-1024x1024.webp 1024w, https:\/\/www.jardinartificial.es\/wp-content\/uploads\/2026\/01\/Cesped-Artificial-Essential-40-150x150.webp 150w, https:\/\/www.jardinartificial.es\/wp-content\/uploads\/2026\/01\/Cesped-Artificial-Essential-40-768x768.webp 768w, https:\/\/www.jardinartificial.es\/wp-content\/uploads\/2026\/01\/Cesped-Artificial-Essential-40-1536x1536.webp 1536w, https:\/\/www.jardinartificial.es\/wp-content\/uploads\/2026\/01\/Cesped-Artificial-Essential-40-600x600.webp 600w, https:\/\/www.jardinartificial.es\/wp-content\/uploads\/2026\/01\/Cesped-Artificial-Essential-40.webp 1920w\" sizes=\"(max-width: 480px) 100vw, 480px\" \/><span class=\"agotado\">Esgotado<\/span><h2 class=\"woocommerce-loop-product__title\">Relva Artificial Economy 40mm<\/h2><div class='iconosLoop'><div class='iconoLoop'>\n            <img src='https:\/\/www.jardinartificial.es\/wp-content\/uploads\/2019\/07\/icono-producto-altura.svg' alt='Altura c\u00e9sped artificial'> \n            40mm\n        <\/div><\/div><div class=\"star-rating\" title=\"Sem classifica\u00e7\u00e3o\"><span style=\"width:0%\"><strong class=\"rating\">0<\/strong> de 5<\/span><\/div>\n\t<span class=\"price\"><span class=\"woocommerce-Price-amount amount\"><bdi>13,20<span class=\"woocommerce-Price-currencySymbol\">&euro;<\/span><\/bdi><\/span><small class=\"woocommerce-price-suffix\"> IVA incl<\/small><\/span>\n<div class=\"rolloLoop\">Lan\u00e7a 50.0<sup>m2<\/sup> ou corta<\/div><\/a><div class=\"loopCardButton\"><a href=\"https:\/\/www.jardinartificial.es\/pt\/comprar\/cesped-artificial-pt\/relva-artificial-economica-40mm\/\" aria-describedby=\"woocommerce_loop_add_to_cart_link_describedby_77660\" data-quantity=\"1\" order=\"2\" class=\"button product_type_variable\" data-product_id=\"77660\" data-product_sku=\"JA-ECONO-40-24\" aria-label=\"Seleccione as op\u00e7\u00f5es para &ldquo;Relva Artificial Economy 40mm&rdquo;\" rel=\"nofollow\">COMPRAR<\/a><\/div>    <span id=\"woocommerce_loop_add_to_cart_link_describedby_77660\" class=\"screen-reader-text\">\n        This product has multiple variants. The options may be chosen on the product page    <\/span>\n    <p class=\"woocommerce-products-compare-compare-button\"><label for=\"woocommerce-products-compare-checkbox-77660\"><input type=\"checkbox\" class=\"woocommerce-products-compare-checkbox\" data-product-id=\"77660\"  id=\"woocommerce-products-compare-checkbox-77660\" \/>&nbsp;Comparar<\/label> <a href=\"https:\/\/www.jardinartificial.es\/pt\/\/comparador\/\" title=\"Comparar p\u00e1gina\" class=\"woocommerce-products-compare-compare-link\"><span class=\"dashicons dashicons-external\"><\/span><\/a><\/p><\/li>\n<li class=\"sales-flash-overlay woocommerce-text-align-center woocommerce-image-align-center do-quantity-buttons wc-has-gallery product type-product post-77770 status-publish first instock product_cat-decorativo-pt-3 product_cat-cesped-artificial-pt product_tag-pt-2 product_tag-relva-cidades has-post-thumbnail taxable shipping-taxable purchasable product-type-variable\">\n\t<a href=\"https:\/\/www.jardinartificial.es\/pt\/comprar\/cesped-artificial-pt\/relva-artificial-new-malaga-25mm\/\" class=\"woocommerce-LoopProduct-link woocommerce-loop-product__link\"><div class=\"container extra-info\"><div class=\"loopTitle\"><span>De <\/span><b>9,66\u20ac\/m<sup>2<\/sup> <\/b><\/div><\/div><img loading=\"lazy\" decoding=\"async\" width=\"480\" height=\"480\" src=\"https:\/\/www.jardinartificial.es\/wp-content\/uploads\/2026\/01\/Cesped-Artificial-New-Malaga-25mm-2-480x480.jpeg\" class=\"secondary-image attachment-shop-catalog\" alt=\"C\u00e9sped Artificial New M\u00e1laga 25mm\" srcset=\"https:\/\/www.jardinartificial.es\/wp-content\/uploads\/2026\/01\/Cesped-Artificial-New-Malaga-25mm-2-480x480.jpeg 480w, https:\/\/www.jardinartificial.es\/wp-content\/uploads\/2026\/01\/Cesped-Artificial-New-Malaga-25mm-2-300x300.jpeg 300w, https:\/\/www.jardinartificial.es\/wp-content\/uploads\/2026\/01\/Cesped-Artificial-New-Malaga-25mm-2-1024x1024.jpeg 1024w, https:\/\/www.jardinartificial.es\/wp-content\/uploads\/2026\/01\/Cesped-Artificial-New-Malaga-25mm-2-150x150.jpeg 150w, https:\/\/www.jardinartificial.es\/wp-content\/uploads\/2026\/01\/Cesped-Artificial-New-Malaga-25mm-2-768x768.jpeg 768w, https:\/\/www.jardinartificial.es\/wp-content\/uploads\/2026\/01\/Cesped-Artificial-New-Malaga-25mm-2-1536x1536.jpeg 1536w, https:\/\/www.jardinartificial.es\/wp-content\/uploads\/2026\/01\/Cesped-Artificial-New-Malaga-25mm-2-600x600.jpeg 600w, https:\/\/www.jardinartificial.es\/wp-content\/uploads\/2026\/01\/Cesped-Artificial-New-Malaga-25mm-2.jpeg 1920w\" sizes=\"(max-width: 480px) 100vw, 480px\" \/><img loading=\"lazy\" decoding=\"async\" width=\"480\" height=\"480\" src=\"https:\/\/www.jardinartificial.es\/wp-content\/uploads\/2026\/01\/Cesped-Artificial-New-Malaga-25mm-480x480.jpeg\" class=\"attachment-woocommerce_thumbnail size-woocommerce_thumbnail\" alt=\"Relva Artificial New Malaga 25mm\" srcset=\"https:\/\/www.jardinartificial.es\/wp-content\/uploads\/2026\/01\/Cesped-Artificial-New-Malaga-25mm-480x480.jpeg 480w, https:\/\/www.jardinartificial.es\/wp-content\/uploads\/2026\/01\/Cesped-Artificial-New-Malaga-25mm-300x300.jpeg 300w, https:\/\/www.jardinartificial.es\/wp-content\/uploads\/2026\/01\/Cesped-Artificial-New-Malaga-25mm-1024x1024.jpeg 1024w, https:\/\/www.jardinartificial.es\/wp-content\/uploads\/2026\/01\/Cesped-Artificial-New-Malaga-25mm-150x150.jpeg 150w, https:\/\/www.jardinartificial.es\/wp-content\/uploads\/2026\/01\/Cesped-Artificial-New-Malaga-25mm-768x768.jpeg 768w, https:\/\/www.jardinartificial.es\/wp-content\/uploads\/2026\/01\/Cesped-Artificial-New-Malaga-25mm-1536x1536.jpeg 1536w, https:\/\/www.jardinartificial.es\/wp-content\/uploads\/2026\/01\/Cesped-Artificial-New-Malaga-25mm-600x600.jpeg 600w, https:\/\/www.jardinartificial.es\/wp-content\/uploads\/2026\/01\/Cesped-Artificial-New-Malaga-25mm.jpeg 1920w\" sizes=\"(max-width: 480px) 100vw, 480px\" \/><h2 class=\"woocommerce-loop-product__title\">Relva Artificial New Malaga 25mm<\/h2><div class='iconosLoop'><div class='iconoLoop'>\n            <img src='https:\/\/www.jardinartificial.es\/wp-content\/uploads\/2019\/07\/icono-producto-altura.svg' alt='Altura c\u00e9sped artificial'> \n            25mm\n        <\/div><\/div><div class=\"star-rating\" title=\"Sem classifica\u00e7\u00e3o\"><span style=\"width:0%\"><strong class=\"rating\">0<\/strong> de 5<\/span><\/div>\n\t<span class=\"price\"><span class=\"woocommerce-Price-amount amount\"><bdi>9,95<span class=\"woocommerce-Price-currencySymbol\">&euro;<\/span><\/bdi><\/span><small class=\"woocommerce-price-suffix\"> IVA incl<\/small><\/span>\n<div class=\"rolloLoop\">Lan\u00e7a 50.0<sup>m2<\/sup> ou corta<\/div><\/a><div class=\"loopCardButton\"><a href=\"https:\/\/www.jardinartificial.es\/pt\/comprar\/cesped-artificial-pt\/relva-artificial-new-malaga-25mm\/\" aria-describedby=\"woocommerce_loop_add_to_cart_link_describedby_77770\" data-quantity=\"1\" order=\"2\" class=\"button product_type_variable add_to_cart_button\" data-product_id=\"77770\" data-product_sku=\"JA-MALAG-25-23\" aria-label=\"Seleccione as op\u00e7\u00f5es para &ldquo;Relva Artificial New Malaga 25mm&rdquo;\" rel=\"nofollow\">COMPRAR<\/a><\/div>    <span id=\"woocommerce_loop_add_to_cart_link_describedby_77770\" class=\"screen-reader-text\">\n        This product has multiple variants. The options may be chosen on the product page    <\/span>\n    <p class=\"woocommerce-products-compare-compare-button\"><label for=\"woocommerce-products-compare-checkbox-77770\"><input type=\"checkbox\" class=\"woocommerce-products-compare-checkbox\" data-product-id=\"77770\"  id=\"woocommerce-products-compare-checkbox-77770\" \/>&nbsp;Comparar<\/label> <a href=\"https:\/\/www.jardinartificial.es\/pt\/\/comparador\/\" title=\"Comparar p\u00e1gina\" class=\"woocommerce-products-compare-compare-link\"><span class=\"dashicons dashicons-external\"><\/span><\/a><\/p><\/li>\n<li class=\"sales-flash-overlay woocommerce-text-align-center woocommerce-image-align-center do-quantity-buttons wc-has-gallery product type-product post-77670 status-publish instock product_cat-decorativo-pt-3 product_cat-cesped-artificial-pt product_tag-destaques-home product_tag-pt-2 product_tag-relva-cidades has-post-thumbnail taxable shipping-taxable purchasable product-type-variable\">\n\t<a href=\"https:\/\/www.jardinartificial.es\/pt\/comprar\/cesped-artificial-pt\/relva-artificial-economica-35mm\/\" class=\"woocommerce-LoopProduct-link woocommerce-loop-product__link\"><div class=\"container extra-info\"><div class=\"loopTitle\"><span>De <\/span><b>11,48\u20ac\/m<sup>2<\/sup> <\/b><\/div><\/div><img loading=\"lazy\" decoding=\"async\" width=\"480\" height=\"480\" src=\"https:\/\/www.jardinartificial.es\/wp-content\/uploads\/2026\/01\/Cesped-Artificial-Economy-35mm-480x480.jpeg\" class=\"secondary-image attachment-shop-catalog\" alt=\"C\u00e9sped Artificial Economy 35mm\" srcset=\"https:\/\/www.jardinartificial.es\/wp-content\/uploads\/2026\/01\/Cesped-Artificial-Economy-35mm-480x480.jpeg 480w, https:\/\/www.jardinartificial.es\/wp-content\/uploads\/2026\/01\/Cesped-Artificial-Economy-35mm-300x300.jpeg 300w, https:\/\/www.jardinartificial.es\/wp-content\/uploads\/2026\/01\/Cesped-Artificial-Economy-35mm-1024x1024.jpeg 1024w, https:\/\/www.jardinartificial.es\/wp-content\/uploads\/2026\/01\/Cesped-Artificial-Economy-35mm-150x150.jpeg 150w, https:\/\/www.jardinartificial.es\/wp-content\/uploads\/2026\/01\/Cesped-Artificial-Economy-35mm-768x768.jpeg 768w, https:\/\/www.jardinartificial.es\/wp-content\/uploads\/2026\/01\/Cesped-Artificial-Economy-35mm-1536x1536.jpeg 1536w, https:\/\/www.jardinartificial.es\/wp-content\/uploads\/2026\/01\/Cesped-Artificial-Economy-35mm-600x600.jpeg 600w, https:\/\/www.jardinartificial.es\/wp-content\/uploads\/2026\/01\/Cesped-Artificial-Economy-35mm.jpeg 1920w\" sizes=\"(max-width: 480px) 100vw, 480px\" \/><img loading=\"lazy\" decoding=\"async\" width=\"480\" height=\"480\" src=\"https:\/\/www.jardinartificial.es\/wp-content\/uploads\/2026\/01\/Cesped-Artificial-Essential-35-480x480.webp\" class=\"attachment-woocommerce_thumbnail size-woocommerce_thumbnail\" alt=\"Relva Artificial Essential 35\" srcset=\"https:\/\/www.jardinartificial.es\/wp-content\/uploads\/2026\/01\/Cesped-Artificial-Essential-35-480x480.webp 480w, https:\/\/www.jardinartificial.es\/wp-content\/uploads\/2026\/01\/Cesped-Artificial-Essential-35-300x300.webp 300w, https:\/\/www.jardinartificial.es\/wp-content\/uploads\/2026\/01\/Cesped-Artificial-Essential-35-1024x1024.webp 1024w, https:\/\/www.jardinartificial.es\/wp-content\/uploads\/2026\/01\/Cesped-Artificial-Essential-35-150x150.webp 150w, https:\/\/www.jardinartificial.es\/wp-content\/uploads\/2026\/01\/Cesped-Artificial-Essential-35-768x768.webp 768w, https:\/\/www.jardinartificial.es\/wp-content\/uploads\/2026\/01\/Cesped-Artificial-Essential-35-1536x1536.webp 1536w, https:\/\/www.jardinartificial.es\/wp-content\/uploads\/2026\/01\/Cesped-Artificial-Essential-35-600x600.webp 600w, https:\/\/www.jardinartificial.es\/wp-content\/uploads\/2026\/01\/Cesped-Artificial-Essential-35.webp 1920w\" sizes=\"(max-width: 480px) 100vw, 480px\" \/><h2 class=\"woocommerce-loop-product__title\">Relva Artificial Economy 35mm<\/h2><div class='iconosLoop'><div class='iconoLoop'>\n            <img src='https:\/\/www.jardinartificial.es\/wp-content\/uploads\/2019\/07\/icono-producto-altura.svg' alt='Altura c\u00e9sped artificial'> \n            35mm\n        <\/div><\/div><div class=\"star-rating\" title=\"Sem classifica\u00e7\u00e3o\"><span style=\"width:0%\"><strong class=\"rating\">0<\/strong> de 5<\/span><\/div>\n\t<span class=\"price\"><span class=\"woocommerce-Price-amount amount\"><bdi>11,83<span class=\"woocommerce-Price-currencySymbol\">&euro;<\/span><\/bdi><\/span><small class=\"woocommerce-price-suffix\"> IVA incl<\/small><\/span>\n<div class=\"rolloLoop\">Lan\u00e7a 50.0<sup>m2<\/sup> ou corta<\/div><\/a><div class=\"loopCardButton\"><a href=\"https:\/\/www.jardinartificial.es\/pt\/comprar\/cesped-artificial-pt\/relva-artificial-economica-35mm\/\" aria-describedby=\"woocommerce_loop_add_to_cart_link_describedby_77670\" data-quantity=\"1\" order=\"2\" class=\"button product_type_variable add_to_cart_button\" data-product_id=\"77670\" data-product_sku=\"JA-ECONO-35-24\" aria-label=\"Seleccione as op\u00e7\u00f5es para &ldquo;Relva Artificial Economy 35mm&rdquo;\" rel=\"nofollow\">COMPRAR<\/a><\/div>    <span id=\"woocommerce_loop_add_to_cart_link_describedby_77670\" class=\"screen-reader-text\">\n        This product has multiple variants. The options may be chosen on the product page    <\/span>\n    <p class=\"woocommerce-products-compare-compare-button\"><label for=\"woocommerce-products-compare-checkbox-77670\"><input type=\"checkbox\" class=\"woocommerce-products-compare-checkbox\" data-product-id=\"77670\"  id=\"woocommerce-products-compare-checkbox-77670\" \/>&nbsp;Comparar<\/label> <a href=\"https:\/\/www.jardinartificial.es\/pt\/\/comparador\/\" title=\"Comparar p\u00e1gina\" class=\"woocommerce-products-compare-compare-link\"><span class=\"dashicons dashicons-external\"><\/span><\/a><\/p><\/li>\n<li class=\"sales-flash-overlay woocommerce-text-align-center woocommerce-image-align-center do-quantity-buttons wc-has-gallery product type-product post-99127 status-publish instock product_cat-decorativo-pt-3 product_cat-multidirecional product_cat-cesped-artificial-pt product_tag-pt-2 product_tag-relva-cidades has-post-thumbnail taxable shipping-taxable purchasable product-type-variable\">\n\t<a href=\"https:\/\/www.jardinartificial.es\/pt\/comprar\/cesped-artificial-pt\/relva-artificial-multinature-50\/\" class=\"woocommerce-LoopProduct-link woocommerce-loop-product__link\"><div class=\"container extra-info\"><div class=\"loopTitle\"><span>De <\/span><b>19,36\u20ac\/m<sup>2<\/sup> <\/b><\/div><\/div><img loading=\"lazy\" decoding=\"async\" width=\"480\" height=\"480\" src=\"https:\/\/www.jardinartificial.es\/wp-content\/uploads\/2026\/02\/Cesped-Artificial-Nature-50-480x480.jpeg\" class=\"secondary-image attachment-shop-catalog\" alt=\"C\u00e9sped Artificial Nature 50\" srcset=\"https:\/\/www.jardinartificial.es\/wp-content\/uploads\/2026\/02\/Cesped-Artificial-Nature-50-480x480.jpeg 480w, https:\/\/www.jardinartificial.es\/wp-content\/uploads\/2026\/02\/Cesped-Artificial-Nature-50-150x150.jpeg 150w\" sizes=\"(max-width: 480px) 100vw, 480px\" \/><img loading=\"lazy\" decoding=\"async\" width=\"480\" height=\"480\" src=\"https:\/\/www.jardinartificial.es\/wp-content\/uploads\/2026\/01\/Cesped-Artificial-Nature-50-480x480.jpeg\" class=\"attachment-woocommerce_thumbnail size-woocommerce_thumbnail\" alt=\"Relva Artificial Nature 50\" srcset=\"https:\/\/www.jardinartificial.es\/wp-content\/uploads\/2026\/01\/Cesped-Artificial-Nature-50-480x480.jpeg 480w, https:\/\/www.jardinartificial.es\/wp-content\/uploads\/2026\/01\/Cesped-Artificial-Nature-50-150x150.jpeg 150w\" sizes=\"(max-width: 480px) 100vw, 480px\" \/><h2 class=\"woocommerce-loop-product__title\">Relva Artificial Multinature 50<\/h2><div class='iconosLoop'><div class='iconoLoop iconoLoopNuevo'>\n            <img src='https:\/\/www.jardinartificial.es\/wp-content\/uploads\/2025\/05\/icon-nuevo-pt.svg' alt='Producto nuevo'> \n        <\/div><div class='iconoLoop'>\n            <img src='https:\/\/www.jardinartificial.es\/wp-content\/uploads\/2019\/07\/icono-producto-altura.svg' alt='Altura c\u00e9sped artificial'> \n            50mm\n        <\/div><div class='iconoLoop iconoLoopFeatured'>\n                    <img src='https:\/\/www.jardinartificial.es\/wp-content\/uploads\/2025\/05\/icon-multi-pt.svg' alt='Multidirecional'> \n                <\/div><\/div><div class=\"star-rating\" title=\"Sem classifica\u00e7\u00e3o\"><span style=\"width:0%\"><strong class=\"rating\">0<\/strong> de 5<\/span><\/div>\n\t<span class=\"price\"><span class=\"woocommerce-Price-amount amount\"><bdi>19,94<span class=\"woocommerce-Price-currencySymbol\">&euro;<\/span><\/bdi><\/span><small class=\"woocommerce-price-suffix\"> IVA incl<\/small><\/span>\n<div class=\"rolloLoop\">Lan\u00e7a 50.0<sup>m2<\/sup> ou corta<\/div><\/a><div class=\"loopCardButton\"><a href=\"https:\/\/www.jardinartificial.es\/pt\/comprar\/cesped-artificial-pt\/relva-artificial-multinature-50\/\" aria-describedby=\"woocommerce_loop_add_to_cart_link_describedby_99127\" data-quantity=\"1\" order=\"2\" class=\"button product_type_variable add_to_cart_button\" data-product_id=\"99127\" data-product_sku=\"JA-MULTINATURE-50\" aria-label=\"Seleccione as op\u00e7\u00f5es para &ldquo;Relva Artificial Multinature 50&rdquo;\" rel=\"nofollow\">COMPRAR<\/a><\/div>    <span id=\"woocommerce_loop_add_to_cart_link_describedby_99127\" class=\"screen-reader-text\">\n        This product has multiple variants. The options may be chosen on the product page    <\/span>\n    <p class=\"woocommerce-products-compare-compare-button\"><label for=\"woocommerce-products-compare-checkbox-99127\"><input type=\"checkbox\" class=\"woocommerce-products-compare-checkbox\" data-product-id=\"99127\"  id=\"woocommerce-products-compare-checkbox-99127\" \/>&nbsp;Comparar<\/label> <a href=\"https:\/\/www.jardinartificial.es\/pt\/\/comparador\/\" title=\"Comparar p\u00e1gina\" class=\"woocommerce-products-compare-compare-link\"><span class=\"dashicons dashicons-external\"><\/span><\/a><\/p><\/li>\n<li class=\"sales-flash-overlay woocommerce-text-align-center woocommerce-image-align-center do-quantity-buttons wc-has-gallery product type-product post-77794 status-publish last instock product_cat-decorativo-pt-3 product_cat-cesped-artificial-pt product_tag-casa-mais-procurada product_tag-destaques-home product_tag-pt-2 product_tag-relva-cidades has-post-thumbnail taxable shipping-taxable purchasable product-type-variable\">\n\t<a href=\"https:\/\/www.jardinartificial.es\/pt\/comprar\/cesped-artificial-pt\/relva-artificial-canarias-40mm\/\" class=\"woocommerce-LoopProduct-link woocommerce-loop-product__link\"><div class=\"container extra-info\"><div class=\"loopTitle\"><span>De <\/span><b>14,69\u20ac\/m<sup>2<\/sup> <\/b><\/div><\/div><img loading=\"lazy\" decoding=\"async\" width=\"480\" height=\"480\" src=\"https:\/\/www.jardinartificial.es\/wp-content\/uploads\/2026\/01\/Cesped-Artificial-Canarias-40mm-2-480x480.jpeg\" class=\"secondary-image attachment-shop-catalog\" alt=\"C\u00e9sped Artificial Canarias 40mm\" srcset=\"https:\/\/www.jardinartificial.es\/wp-content\/uploads\/2026\/01\/Cesped-Artificial-Canarias-40mm-2-480x480.jpeg 480w, https:\/\/www.jardinartificial.es\/wp-content\/uploads\/2026\/01\/Cesped-Artificial-Canarias-40mm-2-300x300.jpeg 300w, https:\/\/www.jardinartificial.es\/wp-content\/uploads\/2026\/01\/Cesped-Artificial-Canarias-40mm-2-150x150.jpeg 150w, https:\/\/www.jardinartificial.es\/wp-content\/uploads\/2026\/01\/Cesped-Artificial-Canarias-40mm-2-768x768.jpeg 768w, https:\/\/www.jardinartificial.es\/wp-content\/uploads\/2026\/01\/Cesped-Artificial-Canarias-40mm-2-600x600.jpeg 600w, https:\/\/www.jardinartificial.es\/wp-content\/uploads\/2026\/01\/Cesped-Artificial-Canarias-40mm-2.jpeg 1024w\" sizes=\"(max-width: 480px) 100vw, 480px\" \/><img loading=\"lazy\" decoding=\"async\" width=\"480\" height=\"480\" src=\"https:\/\/www.jardinartificial.es\/wp-content\/uploads\/2026\/01\/Cesped-Artificial-Canarias-40mm-480x480.jpeg\" class=\"attachment-woocommerce_thumbnail size-woocommerce_thumbnail\" alt=\"Relva Artificial Canarias 40mm\" srcset=\"https:\/\/www.jardinartificial.es\/wp-content\/uploads\/2026\/01\/Cesped-Artificial-Canarias-40mm-480x480.jpeg 480w, https:\/\/www.jardinartificial.es\/wp-content\/uploads\/2026\/01\/Cesped-Artificial-Canarias-40mm-300x300.jpeg 300w, https:\/\/www.jardinartificial.es\/wp-content\/uploads\/2026\/01\/Cesped-Artificial-Canarias-40mm-150x150.jpeg 150w, https:\/\/www.jardinartificial.es\/wp-content\/uploads\/2026\/01\/Cesped-Artificial-Canarias-40mm-768x768.jpeg 768w, https:\/\/www.jardinartificial.es\/wp-content\/uploads\/2026\/01\/Cesped-Artificial-Canarias-40mm-600x600.jpeg 600w, https:\/\/www.jardinartificial.es\/wp-content\/uploads\/2026\/01\/Cesped-Artificial-Canarias-40mm.jpeg 800w\" sizes=\"(max-width: 480px) 100vw, 480px\" \/><h2 class=\"woocommerce-loop-product__title\">Relva Artificial Canarias 40mm<\/h2><div class='iconosLoop'><div class='iconoLoop'>\n            <img src='https:\/\/www.jardinartificial.es\/wp-content\/uploads\/2019\/07\/icono-producto-altura.svg' alt='Altura c\u00e9sped artificial'> \n            40mm\n        <\/div><\/div><div class=\"star-rating\" title=\"Classificado com 4.92 de 5\"><span style=\"width:98.4%\"><strong class=\"rating\">4.92<\/strong> de 5<\/span><\/div>\n\t<span class=\"price\"><span class=\"woocommerce-Price-amount amount\"><bdi>15,13<span class=\"woocommerce-Price-currencySymbol\">&euro;<\/span><\/bdi><\/span><small class=\"woocommerce-price-suffix\"> IVA incl<\/small><\/span>\n<div class=\"rolloLoop\">Lan\u00e7a 50.0<sup>m2<\/sup> ou corta<\/div><\/a><div class=\"loopCardButton\"><a href=\"https:\/\/www.jardinartificial.es\/pt\/comprar\/cesped-artificial-pt\/relva-artificial-canarias-40mm\/\" aria-describedby=\"woocommerce_loop_add_to_cart_link_describedby_77794\" data-quantity=\"1\" order=\"2\" class=\"button product_type_variable add_to_cart_button\" data-product_id=\"77794\" data-product_sku=\"JA-CANAR-40-23\" aria-label=\"Seleccione as op\u00e7\u00f5es para &ldquo;Relva Artificial Canarias 40mm&rdquo;\" rel=\"nofollow\">COMPRAR<\/a><\/div>    <span id=\"woocommerce_loop_add_to_cart_link_describedby_77794\" class=\"screen-reader-text\">\n        This product has multiple variants. The options may be chosen on the product page    <\/span>\n    <p class=\"woocommerce-products-compare-compare-button\"><label for=\"woocommerce-products-compare-checkbox-77794\"><input type=\"checkbox\" class=\"woocommerce-products-compare-checkbox\" data-product-id=\"77794\"  id=\"woocommerce-products-compare-checkbox-77794\" \/>&nbsp;Comparar<\/label> <a href=\"https:\/\/www.jardinartificial.es\/pt\/\/comparador\/\" title=\"Comparar p\u00e1gina\" class=\"woocommerce-products-compare-compare-link\"><span class=\"dashicons dashicons-external\"><\/span><\/a><\/p><\/li>\n<\/ul>\n<\/div>\t\t\t\t<\/div>\n\t\t\t\t<\/div>\n\t\t\t\t\t<\/div>\n\t\t\t\t<\/div>\n\t\t<div class=\"elementor-element elementor-element-4b47457 e-flex e-con-boxed e-con e-parent\" data-id=\"4b47457\" data-element_type=\"container\" data-e-type=\"container\">\n\t\t\t\t\t<div class=\"e-con-inner\">\n\t\t<div class=\"elementor-element elementor-element-7b598c5 e-con-full e-flex e-con e-child\" data-id=\"7b598c5\" data-element_type=\"container\" data-e-type=\"container\">\n\t\t\t\t<div class=\"elementor-element elementor-element-3098762 elementor-widget elementor-widget-heading\" data-id=\"3098762\" data-element_type=\"widget\" data-e-type=\"widget\" data-widget_type=\"heading.default\">\n\t\t\t\t<div class=\"elementor-widget-container\">\n\t\t\t\t\t<h2 class=\"elementor-heading-title elementor-size-default\"><span>Relva artificial<\/span> em Maiorca: compra online com envio para toda a ilha<\/h2>\t\t\t\t<\/div>\n\t\t\t\t<\/div>\n\t\t\t\t<div class=\"elementor-element elementor-element-5db8b47 elementor-widget elementor-widget-text-editor\" data-id=\"5db8b47\" data-element_type=\"widget\" data-e-type=\"widget\" data-widget_type=\"text-editor.default\">\n\t\t\t\t<div class=\"elementor-widget-container\">\n\t\t\t\t\t\t\t\t\t<p>Na Jard\u00edn Artificial vendemos relva artificial em Maiorca ao corte por metros quadrados ou em rolos, com envio direto para o seu domic\u00edlio em qualquer munic\u00edpio da ilha. Palma de Maiorca, Calvi\u00e0, Manacor, Inca, Llucmajor, S\u00f3ller\u2026 fazemos envios para toda Maiorca. Consulte as condi\u00e7\u00f5es de envio para as Baleares na nossa loja para conhecer o custo consoante o peso da encomenda.  <\/p><p>O processo \u00e9 totalmente online: escolha o modelo, selecione os metros e receba a encomenda no seu domic\u00edlio. Antes de comprar, pode pedir at\u00e9 4 amostras f\u00edsicas gr\u00e1tis para ver e tocar no produto em sua casa, terra\u00e7o ou jardim antes de decidir. Sem custos nem compromisso de compra. Al\u00e9m disso, pode financiar a sua compra em presta\u00e7\u00f5es.   <\/p>\t\t\t\t\t\t\t\t<\/div>\n\t\t\t\t<\/div>\n\t\t\t\t<\/div>\n\t\t<div class=\"elementor-element elementor-element-22f8166 e-con-full e-flex e-con e-child\" data-id=\"22f8166\" data-element_type=\"container\" data-e-type=\"container\">\n\t\t\t\t<div class=\"elementor-element elementor-element-9431dc2 elementor-widget elementor-widget-image\" data-id=\"9431dc2\" data-element_type=\"widget\" data-e-type=\"widget\" data-widget_type=\"image.default\">\n\t\t\t\t<div class=\"elementor-widget-container\">\n\t\t\t\t\t\t\t\t\t\t\t\t\t\t\t<img loading=\"lazy\" decoding=\"async\" width=\"688\" height=\"503\" src=\"https:\/\/www.jardinartificial.es\/wp-content\/uploads\/2026\/04\/Mallorca-1.jpg\" class=\"attachment-large size-large wp-image-105010\" alt=\"\" srcset=\"https:\/\/www.jardinartificial.es\/wp-content\/uploads\/2026\/04\/Mallorca-1.jpg 688w, https:\/\/www.jardinartificial.es\/wp-content\/uploads\/2026\/04\/Mallorca-1-300x219.jpg 300w, https:\/\/www.jardinartificial.es\/wp-content\/uploads\/2026\/04\/Mallorca-1-600x439.jpg 600w\" sizes=\"(max-width: 688px) 100vw, 688px\" \/>\t\t\t\t\t\t\t\t\t\t\t\t\t\t\t<\/div>\n\t\t\t\t<\/div>\n\t\t\t\t<\/div>\n\t\t\t\t\t<\/div>\n\t\t\t\t<\/div>\n\t\t<div class=\"elementor-element elementor-element-737bfbd e-flex e-con-boxed e-con e-parent\" data-id=\"737bfbd\" data-element_type=\"container\" data-e-type=\"container\">\n\t\t\t\t\t<div class=\"e-con-inner\">\n\t\t<div class=\"elementor-element elementor-element-2a74416 e-con-full e-flex e-con e-child\" data-id=\"2a74416\" data-element_type=\"container\" data-e-type=\"container\">\n\t\t\t\t<div class=\"elementor-element elementor-element-4cccb3b elementor-widget elementor-widget-image\" data-id=\"4cccb3b\" data-element_type=\"widget\" data-e-type=\"widget\" data-widget_type=\"image.default\">\n\t\t\t\t<div class=\"elementor-widget-container\">\n\t\t\t\t\t\t\t\t\t\t\t\t\t\t\t<img loading=\"lazy\" decoding=\"async\" width=\"700\" height=\"853\" src=\"https:\/\/www.jardinartificial.es\/wp-content\/uploads\/2026\/04\/Mallorca-3.jpg\" class=\"attachment-large size-large wp-image-105040\" alt=\"\" srcset=\"https:\/\/www.jardinartificial.es\/wp-content\/uploads\/2026\/04\/Mallorca-3.jpg 700w, https:\/\/www.jardinartificial.es\/wp-content\/uploads\/2026\/04\/Mallorca-3-246x300.jpg 246w, https:\/\/www.jardinartificial.es\/wp-content\/uploads\/2026\/04\/Mallorca-3-600x731.jpg 600w\" sizes=\"(max-width: 700px) 100vw, 700px\" \/>\t\t\t\t\t\t\t\t\t\t\t\t\t\t\t<\/div>\n\t\t\t\t<\/div>\n\t\t\t\t<\/div>\n\t\t<div class=\"elementor-element elementor-element-b30ad50 e-con-full e-flex e-con e-child\" data-id=\"b30ad50\" data-element_type=\"container\" data-e-type=\"container\">\n\t\t\t\t<div class=\"elementor-element elementor-element-2440c19 elementor-widget elementor-widget-heading\" data-id=\"2440c19\" data-element_type=\"widget\" data-e-type=\"widget\" data-widget_type=\"heading.default\">\n\t\t\t\t<div class=\"elementor-widget-container\">\n\t\t\t\t\t<h2 class=\"elementor-heading-title elementor-size-default\"><span>Relva artificial<\/span> para casas e moradias com piscina em Maiorca<\/h2>\t\t\t\t<\/div>\n\t\t\t\t<\/div>\n\t\t\t\t<div class=\"elementor-element elementor-element-9a59544 elementor-widget elementor-widget-text-editor\" data-id=\"9a59544\" data-element_type=\"widget\" data-e-type=\"widget\" data-widget_type=\"text-editor.default\">\n\t\t\t\t<div class=\"elementor-widget-container\">\n\t\t\t\t\t\t\t\t\t<p>O mercado da relva artificial em Maiorca tem um perfil muito definido: quintas r\u00fasticas e moradias com piscina em munic\u00edpios como Calvi\u00e0, Santany\u00ed, Pollen\u00e7a, Andratx ou Alc\u00fadia, onde o jardim \u00e9 uma parte importante do valor da propriedade e onde o propriet\u00e1rio costuma passar per\u00edodos fora da ilha. A relva natural, nesses casos, \u00e9 insustent\u00e1vel: requer rega constante, corte peri\u00f3dico e uma manuten\u00e7\u00e3o que n\u00e3o pode ser feita quando a propriedade est\u00e1 desocupada. <\/p><p>A relva artificial resolve esse problema por completo: n\u00e3o precisa de rega, n\u00e3o precisa de corte, aguenta meses sem qualquer interven\u00e7\u00e3o e mant\u00e9m-se t\u00e3o verde no dia em que chega como no dia em que parte. Para este tipo de projetos, recomendamos modelos de fibra m\u00e9dia-alta, com elevada densidade de pontos, m\u00e1xima prote\u00e7\u00e3o UV e backing perme\u00e1vel que assegura uma boa drenagem. <\/p>\t\t\t\t\t\t\t\t<\/div>\n\t\t\t\t<\/div>\n\t\t\t\t<\/div>\n\t\t\t\t\t<\/div>\n\t\t\t\t<\/div>\n\t\t<div class=\"elementor-element elementor-element-d5e2e50 e-flex e-con-boxed e-con e-parent\" data-id=\"d5e2e50\" data-element_type=\"container\" data-e-type=\"container\" data-settings=\"{&quot;background_background&quot;:&quot;classic&quot;}\">\n\t\t\t\t\t<div class=\"e-con-inner\">\n\t\t<div class=\"elementor-element elementor-element-26b5d4f e-con-full e-flex e-con e-child\" data-id=\"26b5d4f\" data-element_type=\"container\" data-e-type=\"container\">\n\t\t\t\t<div class=\"elementor-element elementor-element-e6283e4 elementor-widget elementor-widget-heading\" data-id=\"e6283e4\" data-element_type=\"widget\" data-e-type=\"widget\" data-widget_type=\"heading.default\">\n\t\t\t\t<div class=\"elementor-widget-container\">\n\t\t\t\t\t<h2 class=\"elementor-heading-title elementor-size-default\">Relva artificial em <span>Palma de Maiorca<\/span>: terra\u00e7os e condom\u00ednios<\/h2>\t\t\t\t<\/div>\n\t\t\t\t<\/div>\n\t\t\t\t<div class=\"elementor-element elementor-element-943ba0c elementor-widget elementor-widget-text-editor\" data-id=\"943ba0c\" data-element_type=\"widget\" data-e-type=\"widget\" data-widget_type=\"text-editor.default\">\n\t\t\t\t<div class=\"elementor-widget-container\">\n\t\t\t\t\t\t\t\t\t<p>Em Palma de Maiorca, a relva artificial \u00e9 habitualmente instalada em terra\u00e7os de coberturas e apartamentos, zonas comuns de edif\u00edcios e urbaniza\u00e7\u00f5es, e jardins de moradias em banda. Em terra\u00e7os, recomendamos relva de fibra curta e compacta, f\u00e1cil de instalar sobre ladrilho sem obras e com excelente drenagem. Para zonas comuns, os modelos de altura m\u00e9dia, resistentes a tr\u00e1fego intenso, s\u00e3o os mais adequados.  <\/p><p>Dispomos da ficha t\u00e9cnica completa de cada refer\u00eancia: dtex, altura da fibra, densidade de pontos, tipo de backing e peso por metro quadrado. Toda a informa\u00e7\u00e3o de que precisa para comparar e decidir com dados reais, e n\u00e3o com descri\u00e7\u00f5es gen\u00e9ricas. <\/p><p>Descubra toda a gama:  <\/p>\t\t\t\t\t\t\t\t<\/div>\n\t\t\t\t<\/div>\n\t\t\t\t<div class=\"elementor-element elementor-element-62d90bf elementor-widget elementor-widget-button\" data-id=\"62d90bf\" data-element_type=\"widget\" data-e-type=\"widget\" data-widget_type=\"button.default\">\n\t\t\t\t<div class=\"elementor-widget-container\">\n\t\t\t\t\t\t\t\t\t<div class=\"elementor-button-wrapper\">\n\t\t\t\t\t<a class=\"elementor-button elementor-button-link elementor-size-sm\" href=\"https:\/\/www.jardinartificial.es\/cesped-artificial\/\">\n\t\t\t\t\t\t<span class=\"elementor-button-content-wrapper\">\n\t\t\t\t\t\t<span class=\"elementor-button-icon\">\n\t\t\t\t<svg xmlns=\"http:\/\/www.w3.org\/2000\/svg\" width=\"24\" height=\"24\" viewBox=\"0 0 24 24\" fill=\"none\"><path d=\"M3.52498 0C1.58738 0 0 1.54397 0 3.42857V20.5714C0 22.456 1.58738 24 3.52498 24H16.3065C18.2441 24 19.8314 22.456 19.8314 20.5714V19.7143C19.8314 19.487 19.7386 19.2689 19.5733 19.1082C19.4081 18.9474 19.1839 18.8571 18.9502 18.8571C18.7165 18.8571 18.4923 18.9474 18.3271 19.1082C18.1618 19.2689 18.069 19.487 18.069 19.7143V20.5714C18.069 21.536 17.2981 22.2857 16.3065 22.2857H3.52498C2.53331 22.2857 1.76249 21.536 1.76249 20.5714V3.42857C1.76249 2.46403 2.53331 1.71429 3.52498 1.71429H16.3065C17.2981 1.71429 18.069 2.46403 18.069 3.42857C18.069 3.6559 18.1618 3.87392 18.3271 4.03466C18.4923 4.19541 18.7165 4.28571 18.9502 4.28571C19.1839 4.28571 19.4081 4.19541 19.5733 4.03466C19.7386 3.87392 19.8314 3.6559 19.8314 3.42857C19.8314 1.54397 18.2441 0 16.3065 0H3.52498Z\" fill=\"#104037\"><\/path><path d=\"M10.534 19.7143C10.534 19.9302 10.4458 20.1374 10.2888 20.2901C10.1318 20.4428 9.91887 20.5286 9.69684 20.5286C9.4748 20.5286 9.26186 20.4428 9.10486 20.2901C8.94786 20.1374 8.85965 19.9302 8.85965 19.7143C8.85965 19.4983 8.94786 19.2912 9.10486 19.1385C9.26186 18.9858 9.4748 18.9 9.69684 18.9C9.91887 18.9 10.1318 18.9858 10.2888 19.1385C10.4458 19.2912 10.534 19.4983 10.534 19.7143Z\" fill=\"#104037\"><\/path><path d=\"M16.7455 5.14286C15.052 5.14286 13.6611 6.49568 13.6611 8.14286V8.57143H11.248C10.1536 8.57143 9.31759 9.60644 9.57677 10.6406L10.73 15.2411C11.0085 16.3525 12.0426 17.1429 13.2188 17.1429H20.2722C21.4475 17.1429 22.4828 16.3568 22.7679 15.2478L23.9504 10.6456C24.2159 9.61245 23.3809 8.57143 22.286 8.57143H19.8298V8.14286C19.8298 6.49568 18.439 5.14286 16.7455 5.14286ZM16.7455 6.85714C17.493 6.85714 18.0674 7.41575 18.0674 8.14286V8.57143H15.4236V8.14286C15.4236 7.41575 15.9979 6.85714 16.7455 6.85714ZM11.3014 10.2857H13.6611V11.9782C13.6611 12.2056 13.754 12.4236 13.9192 12.5843C14.0845 12.7451 14.3087 12.8354 14.5424 12.8354C14.7761 12.8354 15.0002 12.7451 15.1655 12.5843C15.3308 12.4236 15.4236 12.2056 15.4236 11.9782V10.2857H18.0674V11.9782C18.0674 12.2056 18.1602 12.4236 18.3255 12.5843C18.4907 12.7451 18.7149 12.8354 18.9486 12.8354C19.1823 12.8354 19.4065 12.7451 19.5717 12.5843C19.737 12.4236 19.8298 12.2056 19.8298 11.9782V10.2857H22.2257L21.057 14.8326C20.9659 15.187 20.6478 15.4286 20.2722 15.4286H13.2188C12.846 15.4286 12.5308 15.1882 12.4425 14.8359L11.3014 10.2857Z\" fill=\"#104037\"><\/path><\/svg>\t\t\t<\/span>\n\t\t\t\t\t\t\t\t\t<span class=\"elementor-button-text\">Ver cat\u00e1logo de relva artificial<\/span>\n\t\t\t\t\t<\/span>\n\t\t\t\t\t<\/a>\n\t\t\t\t<\/div>\n\t\t\t\t\t\t\t\t<\/div>\n\t\t\t\t<\/div>\n\t\t\t\t<\/div>\n\t\t<div class=\"elementor-element elementor-element-e1987f1 e-con-full e-flex e-con e-child\" data-id=\"e1987f1\" data-element_type=\"container\" data-e-type=\"container\">\n\t\t\t\t<div class=\"elementor-element elementor-element-4f8ddb7 elementor-widget elementor-widget-image\" data-id=\"4f8ddb7\" data-element_type=\"widget\" data-e-type=\"widget\" data-widget_type=\"image.default\">\n\t\t\t\t<div class=\"elementor-widget-container\">\n\t\t\t\t\t\t\t\t\t\t\t\t\t\t\t<img loading=\"lazy\" decoding=\"async\" width=\"596\" height=\"561\" src=\"https:\/\/www.jardinartificial.es\/wp-content\/uploads\/2026\/04\/Mallorca-2.jpg\" class=\"attachment-full size-full wp-image-105011\" alt=\"\" srcset=\"https:\/\/www.jardinartificial.es\/wp-content\/uploads\/2026\/04\/Mallorca-2.jpg 596w, https:\/\/www.jardinartificial.es\/wp-content\/uploads\/2026\/04\/Mallorca-2-300x282.jpg 300w\" sizes=\"(max-width: 596px) 100vw, 596px\" \/>\t\t\t\t\t\t\t\t\t\t\t\t\t\t\t<\/div>\n\t\t\t\t<\/div>\n\t\t\t\t<\/div>\n\t\t\t\t\t<\/div>\n\t\t\t\t<\/div>\n\t\t<div class=\"elementor-element elementor-element-0e44b1a e-flex e-con-boxed e-con e-parent\" data-id=\"0e44b1a\" data-element_type=\"container\" data-e-type=\"container\" data-settings=\"{&quot;background_background&quot;:&quot;classic&quot;}\">\n\t\t\t\t\t<div class=\"e-con-inner\">\n\t\t<div class=\"elementor-element elementor-element-823d981 e-con-full e-flex e-con e-child\" data-id=\"823d981\" data-element_type=\"container\" data-e-type=\"container\">\n\t\t\t\t<div class=\"elementor-element elementor-element-12a7111 elementor-widget elementor-widget-heading\" data-id=\"12a7111\" data-element_type=\"widget\" data-e-type=\"widget\" data-widget_type=\"heading.default\">\n\t\t\t\t<div class=\"elementor-widget-container\">\n\t\t\t\t\t<h2 class=\"elementor-heading-title elementor-size-default\">Pre\u00e7o da relva artificial em <span>Maiorca<\/span><\/h2>\t\t\t\t<\/div>\n\t\t\t\t<\/div>\n\t\t\t\t<div class=\"elementor-element elementor-element-b04d64c elementor-widget elementor-widget-text-editor\" data-id=\"b04d64c\" data-element_type=\"widget\" data-e-type=\"widget\" data-widget_type=\"text-editor.default\">\n\t\t\t\t<div class=\"elementor-widget-container\">\n\t\t\t\t\t\t\t\t\t<p>O pre\u00e7o base dos nossos modelos \u00e9 o mesmo que para a Espanha continental. O custo de envio \u00e9 calculado consoante o peso da encomenda; pode consult\u00e1-lo diretamente na ficha do produto antes de confirmar a sua compra. Dispomos de modelos econ\u00f3micos e refer\u00eancias premium.  <\/p><p>Comprar ao corte permite-lhe ajustar o custo exatamente \u00e0 sua superf\u00edcie. O rolo completo \u00e9 mais econ\u00f3mico por metro quadrado. Se tiver d\u00favidas, envie-nos o esbo\u00e7o e calculamos os metros exatos de que necessita.  <\/p>\t\t\t\t\t\t\t\t<\/div>\n\t\t\t\t<\/div>\n\t\t\t\t<div class=\"elementor-element elementor-element-65ed64c elementor-widget elementor-widget-heading\" data-id=\"65ed64c\" data-element_type=\"widget\" data-e-type=\"widget\" data-widget_type=\"heading.default\">\n\t\t\t\t<div class=\"elementor-widget-container\">\n\t\t\t\t\t<h2 class=\"elementor-heading-title elementor-size-default\">Instala\u00e7\u00e3o de relva artificial em <span>Maiorca<\/span><\/h2>\t\t\t\t<\/div>\n\t\t\t\t<\/div>\n\t\t\t\t<div class=\"elementor-element elementor-element-936df13 elementor-widget elementor-widget-text-editor\" data-id=\"936df13\" data-element_type=\"widget\" data-e-type=\"widget\" data-widget_type=\"text-editor.default\">\n\t\t\t\t<div class=\"elementor-widget-container\">\n\t\t\t\t\t\t\t\t\t<p>Instalar relva artificial em Maiorca \u00e9 simples, tanto sobre terra como sobre superf\u00edcies duras. Temos guias detalhados para instala\u00e7\u00e3o sobre terra ou pavimento, com v\u00eddeos e tutoriais passo a passo. <\/p><p>Al\u00e9m disso, conhecemos as condi\u00e7\u00f5es do clima em M\u00e1laga, temperatura, humidade e salinidade em zonas costeiras, e recomendaremos o modelo de relva artificial mais adequado para a sua situa\u00e7\u00e3o concreta.<\/p>\t\t\t\t\t\t\t\t<\/div>\n\t\t\t\t<\/div>\n\t\t\t\t<\/div>\n\t\t<div class=\"elementor-element elementor-element-a0c759a e-con-full e-flex e-con e-child\" data-id=\"a0c759a\" data-element_type=\"container\" data-e-type=\"container\">\n\t\t\t\t<div class=\"elementor-element elementor-element-5dab97a elementor-widget elementor-widget-image\" data-id=\"5dab97a\" data-element_type=\"widget\" data-e-type=\"widget\" data-widget_type=\"image.default\">\n\t\t\t\t<div class=\"elementor-widget-container\">\n\t\t\t\t\t\t\t\t\t\t\t\t\t\t\t<img loading=\"lazy\" decoding=\"async\" width=\"796\" height=\"822\" src=\"https:\/\/www.jardinartificial.es\/wp-content\/uploads\/2026\/04\/experto-asistencia-cesped.png\" class=\"attachment-full size-full wp-image-104435\" alt=\"\" srcset=\"https:\/\/www.jardinartificial.es\/wp-content\/uploads\/2026\/04\/experto-asistencia-cesped.png 796w, https:\/\/www.jardinartificial.es\/wp-content\/uploads\/2026\/04\/experto-asistencia-cesped-291x300.png 291w, https:\/\/www.jardinartificial.es\/wp-content\/uploads\/2026\/04\/experto-asistencia-cesped-768x793.png 768w, https:\/\/www.jardinartificial.es\/wp-content\/uploads\/2026\/04\/experto-asistencia-cesped-600x620.png 600w\" sizes=\"(max-width: 796px) 100vw, 796px\" \/>\t\t\t\t\t\t\t\t\t\t\t\t\t\t\t<\/div>\n\t\t\t\t<\/div>\n\t\t\t\t<\/div>\n\t\t\t\t\t<\/div>\n\t\t\t\t<\/div>\n\t\t<div class=\"elementor-element elementor-element-1b5fa59 e-flex e-con-boxed e-con e-parent\" data-id=\"1b5fa59\" data-element_type=\"container\" data-e-type=\"container\">\n\t\t\t\t\t<div class=\"e-con-inner\">\n\t\t\t\t<div class=\"elementor-element elementor-element-9d21855 elementor-widget elementor-widget-heading\" data-id=\"9d21855\" data-element_type=\"widget\" data-e-type=\"widget\" data-widget_type=\"heading.default\">\n\t\t\t\t<div class=\"elementor-widget-container\">\n\t\t\t\t\t<h2 class=\"elementor-heading-title elementor-size-default\">Enviamos relva artificial para toda Maiorca<\/h2>\t\t\t\t<\/div>\n\t\t\t\t<\/div>\n\t\t\t\t<div class=\"elementor-element elementor-element-32ba2ae elementor-widget elementor-widget-shortcode\" data-id=\"32ba2ae\" data-element_type=\"widget\" data-e-type=\"widget\" data-widget_type=\"shortcode.default\">\n\t\t\t\t<div class=\"elementor-widget-container\">\n\t\t\t\t\t\t\t<div class=\"elementor-shortcode\">    <div class=\"stl-municipios-bloque \">\n        \n        <div class=\"stl-municipios-grid\">\n                            <div class=\"stl-municipio-item\">\n                    <span>Alc\u00fadia<\/span>\n                <\/div>\n                            <div class=\"stl-municipio-item\">\n                    <span>Andratx<\/span>\n                <\/div>\n                            <div class=\"stl-municipio-item\">\n                    <span>Art\u00e0<\/span>\n                <\/div>\n                            <div class=\"stl-municipio-item\">\n                    <span>Calvi\u00e0<\/span>\n                <\/div>\n                            <div class=\"stl-municipio-item\">\n                    <span>Campos<\/span>\n                <\/div>\n                            <div class=\"stl-municipio-item\">\n                    <span>Felanitx<\/span>\n                <\/div>\n                            <div class=\"stl-municipio-item\">\n                    <span>Inca<\/span>\n                <\/div>\n                            <div class=\"stl-municipio-item\">\n                    <span>Llucmajor<\/span>\n                <\/div>\n                            <div class=\"stl-municipio-item\">\n                    <span>Manacor<\/span>\n                <\/div>\n                            <div class=\"stl-municipio-item\">\n                    <span>Marratx\u00ed<\/span>\n                <\/div>\n                            <div class=\"stl-municipio-item\">\n                    <span>Palma de Maiorca<\/span>\n                <\/div>\n                            <div class=\"stl-municipio-item\">\n                    <span>Pollen\u00e7a<\/span>\n                <\/div>\n                            <div class=\"stl-municipio-item\">\n                    <span>Sa Pobla<\/span>\n                <\/div>\n                            <div class=\"stl-municipio-item\">\n                    <span>Santa Margalida<\/span>\n                <\/div>\n                            <div class=\"stl-municipio-item\">\n                    <span>Santany\u00ed<\/span>\n                <\/div>\n                            <div class=\"stl-municipio-item\">\n                    <span>S\u00f3ller<\/span>\n                <\/div>\n                            <div class=\"stl-municipio-item\">\n                    <span>Son Servera<\/span>\n                <\/div>\n                            <div class=\"stl-municipio-item\">\n                    <span>Ses Salines<\/span>\n                <\/div>\n                    <\/div>\n    <\/div>\n    <\/div>\n\t\t\t\t\t\t<\/div>\n\t\t\t\t<\/div>\n\t\t\t\t\t<\/div>\n\t\t\t\t<\/div>\n\t\t<div class=\"elementor-element elementor-element-d833736 e-con-full e-flex e-con e-parent\" data-id=\"d833736\" data-element_type=\"container\" data-e-type=\"container\">\n\t\t\t\t<div class=\"elementor-element elementor-element-7384dbe elementor-widget elementor-widget-image\" data-id=\"7384dbe\" data-element_type=\"widget\" data-e-type=\"widget\" data-widget_type=\"image.default\">\n\t\t\t\t<div class=\"elementor-widget-container\">\n\t\t\t\t\t\t\t\t\t\t\t\t\t\t\t<img loading=\"lazy\" decoding=\"async\" width=\"1920\" height=\"371\" src=\"https:\/\/www.jardinartificial.es\/wp-content\/uploads\/2026\/04\/cesped-jardinartificial.jpg\" class=\"attachment-full size-full wp-image-104455\" alt=\"\" srcset=\"https:\/\/www.jardinartificial.es\/wp-content\/uploads\/2026\/04\/cesped-jardinartificial.jpg 1920w, https:\/\/www.jardinartificial.es\/wp-content\/uploads\/2026\/04\/cesped-jardinartificial-300x58.jpg 300w, https:\/\/www.jardinartificial.es\/wp-content\/uploads\/2026\/04\/cesped-jardinartificial-1024x198.jpg 1024w, https:\/\/www.jardinartificial.es\/wp-content\/uploads\/2026\/04\/cesped-jardinartificial-768x148.jpg 768w, https:\/\/www.jardinartificial.es\/wp-content\/uploads\/2026\/04\/cesped-jardinartificial-1536x297.jpg 1536w, https:\/\/www.jardinartificial.es\/wp-content\/uploads\/2026\/04\/cesped-jardinartificial-600x116.jpg 600w\" sizes=\"(max-width: 1920px) 100vw, 1920px\" \/>\t\t\t\t\t\t\t\t\t\t\t\t\t\t\t<\/div>\n\t\t\t\t<\/div>\n\t\t\t\t<\/div>\n\t\t\t\t<\/div>\n\t\t","protected":false},"featured_media":0,"template":"","meta":{"_acf_changed":false},"class_list":["post-105254","ciudad","type-ciudad","status-publish","hentry"],"acf":[],"yoast_head":"<!-- This site is optimized with the Yoast SEO Premium plugin v27.4 (Yoast SEO v27.4) - https:\/\/yoast.com\/product\/yoast-seo-premium-wordpress\/ -->\n<title>Relva Artificial em Maiorca | Jardin Artificial<\/title>\n<meta name=\"description\" content=\"Relva artificial em Maiorca para terra\u00e7os, jardins e piscinas. Compre online ao corte ou em rolos, bom pre\u00e7o e qualidade.\" \/>\n<meta name=\"robots\" content=\"index, follow, max-snippet:-1, max-image-preview:large, max-video-preview:-1\" \/>\n<link rel=\"canonical\" href=\"https:\/\/www.jardinartificial.es\/pt\/relva-artificial-maiorca\/\" \/>\n<meta property=\"og:locale\" content=\"pt_PT\" \/>\n<meta property=\"og:type\" content=\"article\" \/>\n<meta property=\"og:title\" content=\"Relva Artificial Maiorca\" \/>\n<meta property=\"og:description\" content=\"Relva artificial em Maiorca para terra\u00e7os, jardins e piscinas. Compre online ao corte ou em rolos, bom pre\u00e7o e qualidade.\" \/>\n<meta property=\"og:url\" content=\"https:\/\/www.jardinartificial.es\/pt\/relva-artificial-maiorca\/\" \/>\n<meta property=\"og:site_name\" content=\"Jardin Artificial\" \/>\n<meta property=\"article:modified_time\" content=\"2026-04-27T11:34:22+00:00\" \/>\n<meta property=\"og:image\" content=\"https:\/\/www.jardinartificial.es\/wp-content\/uploads\/2026\/04\/Mallorca-1.jpg\" \/>\n<meta name=\"twitter:card\" content=\"summary_large_image\" \/>\n<meta name=\"twitter:label1\" content=\"Tempo estimado de leitura\" \/>\n\t<meta name=\"twitter:data1\" content=\"3 minutos\" \/>\n<script type=\"application\/ld+json\" class=\"yoast-schema-graph\">{\"@context\":\"https:\\\/\\\/schema.org\",\"@graph\":[{\"@type\":\"WebPage\",\"@id\":\"https:\\\/\\\/www.jardinartificial.es\\\/pt\\\/relva-artificial-maiorca\\\/\",\"url\":\"https:\\\/\\\/www.jardinartificial.es\\\/pt\\\/relva-artificial-maiorca\\\/\",\"name\":\"Relva Artificial em Maiorca | Jardin Artificial\",\"isPartOf\":{\"@id\":\"https:\\\/\\\/www.jardinartificial.es\\\/pt\\\/#website\"},\"primaryImageOfPage\":{\"@id\":\"https:\\\/\\\/www.jardinartificial.es\\\/pt\\\/relva-artificial-maiorca\\\/#primaryimage\"},\"image\":{\"@id\":\"https:\\\/\\\/www.jardinartificial.es\\\/pt\\\/relva-artificial-maiorca\\\/#primaryimage\"},\"thumbnailUrl\":\"https:\\\/\\\/www.jardinartificial.es\\\/wp-content\\\/uploads\\\/2026\\\/04\\\/Mallorca-1.jpg\",\"datePublished\":\"2026-04-21T11:32:08+00:00\",\"dateModified\":\"2026-04-27T11:34:22+00:00\",\"description\":\"Relva artificial em Maiorca para terra\u00e7os, jardins e piscinas. Compre online ao corte ou em rolos, bom pre\u00e7o e qualidade.\",\"breadcrumb\":{\"@id\":\"https:\\\/\\\/www.jardinartificial.es\\\/pt\\\/relva-artificial-maiorca\\\/#breadcrumb\"},\"inLanguage\":\"pt-PT\",\"potentialAction\":[{\"@type\":\"ReadAction\",\"target\":[\"https:\\\/\\\/www.jardinartificial.es\\\/pt\\\/relva-artificial-maiorca\\\/\"]}]},{\"@type\":\"ImageObject\",\"inLanguage\":\"pt-PT\",\"@id\":\"https:\\\/\\\/www.jardinartificial.es\\\/pt\\\/relva-artificial-maiorca\\\/#primaryimage\",\"url\":\"https:\\\/\\\/www.jardinartificial.es\\\/wp-content\\\/uploads\\\/2026\\\/04\\\/Mallorca-1.jpg\",\"contentUrl\":\"https:\\\/\\\/www.jardinartificial.es\\\/wp-content\\\/uploads\\\/2026\\\/04\\\/Mallorca-1.jpg\"},{\"@type\":\"BreadcrumbList\",\"@id\":\"https:\\\/\\\/www.jardinartificial.es\\\/pt\\\/relva-artificial-maiorca\\\/#breadcrumb\",\"itemListElement\":[{\"@type\":\"ListItem\",\"position\":1,\"name\":\"Portada\",\"item\":\"https:\\\/\\\/www.jardinartificial.es\\\/pt\\\/\"},{\"@type\":\"ListItem\",\"position\":2,\"name\":\"Relva Artificial Maiorca\"}]},{\"@type\":\"WebSite\",\"@id\":\"https:\\\/\\\/www.jardinartificial.es\\\/pt\\\/#website\",\"url\":\"https:\\\/\\\/www.jardinartificial.es\\\/pt\\\/\",\"name\":\"Jard\u00edn Artificial - Venta de C\u00e9sped Artficial\",\"description\":\"C\u00e9sped Artificial barato al corte\",\"publisher\":{\"@id\":\"https:\\\/\\\/www.jardinartificial.es\\\/pt\\\/#organization\"},\"potentialAction\":[{\"@type\":\"SearchAction\",\"target\":{\"@type\":\"EntryPoint\",\"urlTemplate\":\"https:\\\/\\\/www.jardinartificial.es\\\/pt\\\/?s={search_term_string}\"},\"query-input\":{\"@type\":\"PropertyValueSpecification\",\"valueRequired\":true,\"valueName\":\"search_term_string\"}}],\"inLanguage\":\"pt-PT\"},{\"@type\":\"Organization\",\"@id\":\"https:\\\/\\\/www.jardinartificial.es\\\/pt\\\/#organization\",\"name\":\"Jard\u00edn Artificial\",\"url\":\"https:\\\/\\\/www.jardinartificial.es\\\/pt\\\/\",\"logo\":{\"@type\":\"ImageObject\",\"inLanguage\":\"pt-PT\",\"@id\":\"https:\\\/\\\/www.jardinartificial.es\\\/pt\\\/#\\\/schema\\\/logo\\\/image\\\/\",\"url\":\"https:\\\/\\\/www.jardinartificial.es\\\/wp-content\\\/uploads\\\/2023\\\/03\\\/logotipo.svg\",\"contentUrl\":\"https:\\\/\\\/www.jardinartificial.es\\\/wp-content\\\/uploads\\\/2023\\\/03\\\/logotipo.svg\",\"width\":187,\"height\":53,\"caption\":\"Jard\u00edn Artificial\"},\"image\":{\"@id\":\"https:\\\/\\\/www.jardinartificial.es\\\/pt\\\/#\\\/schema\\\/logo\\\/image\\\/\"}}]}<\/script>\n<!-- \/ Yoast SEO Premium plugin. -->","yoast_head_json":{"title":"Relva Artificial em Maiorca | Jardin Artificial","description":"Relva artificial em Maiorca para terra\u00e7os, jardins e piscinas. Compre online ao corte ou em rolos, bom pre\u00e7o e qualidade.","robots":{"index":"index","follow":"follow","max-snippet":"max-snippet:-1","max-image-preview":"max-image-preview:large","max-video-preview":"max-video-preview:-1"},"canonical":"https:\/\/www.jardinartificial.es\/pt\/relva-artificial-maiorca\/","og_locale":"pt_PT","og_type":"article","og_title":"Relva Artificial Maiorca","og_description":"Relva artificial em Maiorca para terra\u00e7os, jardins e piscinas. Compre online ao corte ou em rolos, bom pre\u00e7o e qualidade.","og_url":"https:\/\/www.jardinartificial.es\/pt\/relva-artificial-maiorca\/","og_site_name":"Jardin Artificial","article_modified_time":"2026-04-27T11:34:22+00:00","og_image":[{"url":"https:\/\/www.jardinartificial.es\/wp-content\/uploads\/2026\/04\/Mallorca-1.jpg","type":"","width":"","height":""}],"twitter_card":"summary_large_image","twitter_misc":{"Tempo estimado de leitura":"3 minutos"},"schema":{"@context":"https:\/\/schema.org","@graph":[{"@type":"WebPage","@id":"https:\/\/www.jardinartificial.es\/pt\/relva-artificial-maiorca\/","url":"https:\/\/www.jardinartificial.es\/pt\/relva-artificial-maiorca\/","name":"Relva Artificial em Maiorca | Jardin Artificial","isPartOf":{"@id":"https:\/\/www.jardinartificial.es\/pt\/#website"},"primaryImageOfPage":{"@id":"https:\/\/www.jardinartificial.es\/pt\/relva-artificial-maiorca\/#primaryimage"},"image":{"@id":"https:\/\/www.jardinartificial.es\/pt\/relva-artificial-maiorca\/#primaryimage"},"thumbnailUrl":"https:\/\/www.jardinartificial.es\/wp-content\/uploads\/2026\/04\/Mallorca-1.jpg","datePublished":"2026-04-21T11:32:08+00:00","dateModified":"2026-04-27T11:34:22+00:00","description":"Relva artificial em Maiorca para terra\u00e7os, jardins e piscinas. Compre online ao corte ou em rolos, bom pre\u00e7o e qualidade.","breadcrumb":{"@id":"https:\/\/www.jardinartificial.es\/pt\/relva-artificial-maiorca\/#breadcrumb"},"inLanguage":"pt-PT","potentialAction":[{"@type":"ReadAction","target":["https:\/\/www.jardinartificial.es\/pt\/relva-artificial-maiorca\/"]}]},{"@type":"ImageObject","inLanguage":"pt-PT","@id":"https:\/\/www.jardinartificial.es\/pt\/relva-artificial-maiorca\/#primaryimage","url":"https:\/\/www.jardinartificial.es\/wp-content\/uploads\/2026\/04\/Mallorca-1.jpg","contentUrl":"https:\/\/www.jardinartificial.es\/wp-content\/uploads\/2026\/04\/Mallorca-1.jpg"},{"@type":"BreadcrumbList","@id":"https:\/\/www.jardinartificial.es\/pt\/relva-artificial-maiorca\/#breadcrumb","itemListElement":[{"@type":"ListItem","position":1,"name":"Portada","item":"https:\/\/www.jardinartificial.es\/pt\/"},{"@type":"ListItem","position":2,"name":"Relva Artificial Maiorca"}]},{"@type":"WebSite","@id":"https:\/\/www.jardinartificial.es\/pt\/#website","url":"https:\/\/www.jardinartificial.es\/pt\/","name":"Jard\u00edn Artificial - Venta de C\u00e9sped Artficial","description":"C\u00e9sped Artificial barato al corte","publisher":{"@id":"https:\/\/www.jardinartificial.es\/pt\/#organization"},"potentialAction":[{"@type":"SearchAction","target":{"@type":"EntryPoint","urlTemplate":"https:\/\/www.jardinartificial.es\/pt\/?s={search_term_string}"},"query-input":{"@type":"PropertyValueSpecification","valueRequired":true,"valueName":"search_term_string"}}],"inLanguage":"pt-PT"},{"@type":"Organization","@id":"https:\/\/www.jardinartificial.es\/pt\/#organization","name":"Jard\u00edn Artificial","url":"https:\/\/www.jardinartificial.es\/pt\/","logo":{"@type":"ImageObject","inLanguage":"pt-PT","@id":"https:\/\/www.jardinartificial.es\/pt\/#\/schema\/logo\/image\/","url":"https:\/\/www.jardinartificial.es\/wp-content\/uploads\/2023\/03\/logotipo.svg","contentUrl":"https:\/\/www.jardinartificial.es\/wp-content\/uploads\/2023\/03\/logotipo.svg","width":187,"height":53,"caption":"Jard\u00edn Artificial"},"image":{"@id":"https:\/\/www.jardinartificial.es\/pt\/#\/schema\/logo\/image\/"}}]}},"_links":{"self":[{"href":"https:\/\/www.jardinartificial.es\/pt\/wp-json\/wp\/v2\/ciudad\/105254","targetHints":{"allow":["GET"]}}],"collection":[{"href":"https:\/\/www.jardinartificial.es\/pt\/wp-json\/wp\/v2\/ciudad"}],"about":[{"href":"https:\/\/www.jardinartificial.es\/pt\/wp-json\/wp\/v2\/types\/ciudad"}],"version-history":[{"count":2,"href":"https:\/\/www.jardinartificial.es\/pt\/wp-json\/wp\/v2\/ciudad\/105254\/revisions"}],"predecessor-version":[{"id":105309,"href":"https:\/\/www.jardinartificial.es\/pt\/wp-json\/wp\/v2\/ciudad\/105254\/revisions\/105309"}],"wp:attachment":[{"href":"https:\/\/www.jardinartificial.es\/pt\/wp-json\/wp\/v2\/media?parent=105254"}],"curies":[{"name":"wp","href":"https:\/\/api.w.org\/{rel}","templated":true}]}}